

{"id":1353,"date":"2025-07-16T12:51:36","date_gmt":"2025-07-16T10:51:36","guid":{"rendered":"https:\/\/pracownieorange.pl\/szprotawa\/?post_type=script&#038;p=1353"},"modified":"2025-07-16T14:02:03","modified_gmt":"2025-07-16T12:02:03","slug":"poznajemy-emocje-radosc","status":"publish","type":"script","link":"https:\/\/pracownieorange.pl\/szprotawa\/script\/poznajemy-emocje-radosc\/","title":{"rendered":"Poznajemy emocje &#8211; Rado\u015b\u0107"},"content":{"rendered":"<p>To lato b\u0119dzie pe\u0142ne rado\u015bci, wiedzy i dobrej zabawy!<\/p>\n<p>Przygotowali\u015bmy scenariusz zaj\u0119\u0107 z edukacji emocjonalnej dla grup przedszkolnych, podczas kt\u00f3rych dzieci poznaj\u0105 rado\u015b\u0107 \u2013 naucz\u0105 si\u0119 j\u0105 rozpoznawa\u0107, nazywa\u0107 i dzieli\u0107 z innymi. B\u0119dziemy si\u0119 bawi\u0107, opowiada\u0107 i tworzy\u0107, korzystaj\u0105c z zasob\u00f3w Pracowni, by emocje sta\u0142y si\u0119 bardziej zrozumia\u0142e.<\/p>\n<p data-start=\"361\" data-end=\"587\">Zaj\u0119cia s\u0105 cz\u0119\u015bci\u0105 cyklu edukacyjnego \u201eEmocje w Bibliotece\u201d, kt\u00f3rego celem jest wspieranie dzieci w rozpoznawaniu i nazywaniu emocji, a tak\u017ce rozwijanie empatii i umiej\u0119tno\u015bci wyra\u017cania uczu\u0107 w bezpieczny i kreatywny spos\u00f3b.<\/p>\n<p data-start=\"818\" data-end=\"1099\">Wymagane materia\u0142y:<\/p>\n<ul>\n<li data-start=\"818\" data-end=\"1099\">ksi\u0105\u017cka \u201eKolorowy potw\u00f3r\u201d Anny Llenas (lub inna o rado\u015bci)<\/li>\n<li data-start=\"818\" data-end=\"1099\">maszyny do szycia<\/li>\n<li data-start=\"818\" data-end=\"1099\">lusterko emocji<\/li>\n<\/ul>\n<p data-start=\"1101\" data-end=\"1348\">\n","protected":false},"excerpt":{"rendered":"<p>To lato b\u0119dzie pe\u0142ne rado\u015bci, wiedzy i dobrej zabawy! Przygotowali\u015bmy [&hellip;]<\/p>\n","protected":false},"featured_media":1268,"comment_status":"open","ping_status":"closed","template":"","class_list":["post-1353","script","type-script","status-publish","has-post-thumbnail","hentry"],"acf":[],"yoast_head":"<!-- This site is optimized with the Yoast SEO plugin v24.5 - https:\/\/yoast.com\/wordpress\/plugins\/seo\/ -->\n<title>Poznajemy emocje - Rado\u015b\u0107 - Pracownia Orange Szprotawa<\/title>\n<meta name=\"robots\" content=\"index, follow, max-snippet:-1, max-image-preview:large, max-video-preview:-1\" \/>\n<link rel=\"canonical\" href=\"https:\/\/pracownieorange.pl\/szprotawa\/script\/poznajemy-emocje-radosc\/\" \/>\n<meta property=\"og:locale\" content=\"pl_PL\" \/>\n<meta property=\"og:type\" content=\"article\" \/>\n<meta property=\"og:title\" content=\"Poznajemy emocje - Rado\u015b\u0107 - Pracownia Orange Szprotawa\" \/>\n<meta property=\"og:description\" content=\"To lato b\u0119dzie pe\u0142ne rado\u015bci, wiedzy i dobrej zabawy! Przygotowali\u015bmy [&hellip;]\" \/>\n<meta property=\"og:url\" content=\"https:\/\/pracownieorange.pl\/szprotawa\/script\/poznajemy-emocje-radosc\/\" \/>\n<meta property=\"og:site_name\" content=\"Pracownia Orange Szprotawa\" \/>\n<meta property=\"article:modified_time\" content=\"2025-07-16T12:02:03+00:00\" \/>\n<meta property=\"og:image\" content=\"https:\/\/pracownieorange.pl\/app\/uploads\/sites\/107\/2025\/06\/1.png\" \/>\n\t<meta property=\"og:image:width\" content=\"940\" \/>\n\t<meta property=\"og:image:height\" content=\"788\" \/>\n\t<meta property=\"og:image:type\" content=\"image\/png\" \/>\n<meta name=\"twitter:card\" content=\"summary_large_image\" \/>\n<meta name=\"twitter:label1\" content=\"Est. reading time\" \/>\n\t<meta name=\"twitter:data1\" content=\"1 minuta\" \/>\n<script type=\"application\/ld+json\" class=\"yoast-schema-graph\">{\"@context\":\"https:\/\/schema.org\",\"@graph\":[{\"@type\":\"WebPage\",\"@id\":\"https:\/\/pracownieorange.pl\/szprotawa\/script\/poznajemy-emocje-radosc\/\",\"url\":\"https:\/\/pracownieorange.pl\/szprotawa\/script\/poznajemy-emocje-radosc\/\",\"name\":\"Poznajemy emocje - Rado\u015b\u0107 - Pracownia Orange Szprotawa\",\"isPartOf\":{\"@id\":\"https:\/\/pracownieorange.pl\/szprotawa\/#website\"},\"primaryImageOfPage\":{\"@id\":\"https:\/\/pracownieorange.pl\/szprotawa\/script\/poznajemy-emocje-radosc\/#primaryimage\"},\"image\":{\"@id\":\"https:\/\/pracownieorange.pl\/szprotawa\/script\/poznajemy-emocje-radosc\/#primaryimage\"},\"thumbnailUrl\":\"https:\/\/pracownieorange.pl\/app\/uploads\/sites\/107\/2025\/06\/1.png\",\"datePublished\":\"2025-07-16T10:51:36+00:00\",\"dateModified\":\"2025-07-16T12:02:03+00:00\",\"breadcrumb\":{\"@id\":\"https:\/\/pracownieorange.pl\/szprotawa\/script\/poznajemy-emocje-radosc\/#breadcrumb\"},\"inLanguage\":\"pl-PL\",\"potentialAction\":[{\"@type\":\"ReadAction\",\"target\":[\"https:\/\/pracownieorange.pl\/szprotawa\/script\/poznajemy-emocje-radosc\/\"]}]},{\"@type\":\"ImageObject\",\"inLanguage\":\"pl-PL\",\"@id\":\"https:\/\/pracownieorange.pl\/szprotawa\/script\/poznajemy-emocje-radosc\/#primaryimage\",\"url\":\"https:\/\/pracownieorange.pl\/app\/uploads\/sites\/107\/2025\/06\/1.png\",\"contentUrl\":\"https:\/\/pracownieorange.pl\/app\/uploads\/sites\/107\/2025\/06\/1.png\",\"width\":940,\"height\":788,\"caption\":\"zdj\u0119cie bibliotekarki pokazuj\u0105cej dzieciom ksi\u0105\u017ck\u0119 o rado\u015bci\"},{\"@type\":\"BreadcrumbList\",\"@id\":\"https:\/\/pracownieorange.pl\/szprotawa\/script\/poznajemy-emocje-radosc\/#breadcrumb\",\"itemListElement\":[{\"@type\":\"ListItem\",\"position\":1,\"name\":\"Home\",\"item\":\"https:\/\/pracownieorange.pl\/szprotawa\/\"},{\"@type\":\"ListItem\",\"position\":2,\"name\":\"Scenariusze\",\"item\":\"https:\/\/pracownieorange.pl\/szprotawa\/script\/\"},{\"@type\":\"ListItem\",\"position\":3,\"name\":\"Poznajemy emocje &#8211; Rado\u015b\u0107\"}]},{\"@type\":\"WebSite\",\"@id\":\"https:\/\/pracownieorange.pl\/szprotawa\/#website\",\"url\":\"https:\/\/pracownieorange.pl\/szprotawa\/\",\"name\":\"Pracownia Orange Szprotawa\",\"description\":\"\",\"potentialAction\":[{\"@type\":\"SearchAction\",\"target\":{\"@type\":\"EntryPoint\",\"urlTemplate\":\"https:\/\/pracownieorange.pl\/szprotawa\/?s={search_term_string}\"},\"query-input\":{\"@type\":\"PropertyValueSpecification\",\"valueRequired\":true,\"valueName\":\"search_term_string\"}}],\"inLanguage\":\"pl-PL\"}]}<\/script>\n<!-- \/ Yoast SEO plugin. -->","yoast_head_json":{"title":"Poznajemy emocje - Rado\u015b\u0107 - Pracownia Orange Szprotawa","robots":{"index":"index","follow":"follow","max-snippet":"max-snippet:-1","max-image-preview":"max-image-preview:large","max-video-preview":"max-video-preview:-1"},"canonical":"https:\/\/pracownieorange.pl\/szprotawa\/script\/poznajemy-emocje-radosc\/","og_locale":"pl_PL","og_type":"article","og_title":"Poznajemy emocje - Rado\u015b\u0107 - Pracownia Orange Szprotawa","og_description":"To lato b\u0119dzie pe\u0142ne rado\u015bci, wiedzy i dobrej zabawy! Przygotowali\u015bmy [&hellip;]","og_url":"https:\/\/pracownieorange.pl\/szprotawa\/script\/poznajemy-emocje-radosc\/","og_site_name":"Pracownia Orange Szprotawa","article_modified_time":"2025-07-16T12:02:03+00:00","og_image":[{"width":940,"height":788,"url":"https:\/\/pracownieorange.pl\/app\/uploads\/sites\/107\/2025\/06\/1.png","type":"image\/png"}],"twitter_card":"summary_large_image","twitter_misc":{"Est. reading time":"1 minuta"},"schema":{"@context":"https:\/\/schema.org","@graph":[{"@type":"WebPage","@id":"https:\/\/pracownieorange.pl\/szprotawa\/script\/poznajemy-emocje-radosc\/","url":"https:\/\/pracownieorange.pl\/szprotawa\/script\/poznajemy-emocje-radosc\/","name":"Poznajemy emocje - Rado\u015b\u0107 - Pracownia Orange Szprotawa","isPartOf":{"@id":"https:\/\/pracownieorange.pl\/szprotawa\/#website"},"primaryImageOfPage":{"@id":"https:\/\/pracownieorange.pl\/szprotawa\/script\/poznajemy-emocje-radosc\/#primaryimage"},"image":{"@id":"https:\/\/pracownieorange.pl\/szprotawa\/script\/poznajemy-emocje-radosc\/#primaryimage"},"thumbnailUrl":"https:\/\/pracownieorange.pl\/app\/uploads\/sites\/107\/2025\/06\/1.png","datePublished":"2025-07-16T10:51:36+00:00","dateModified":"2025-07-16T12:02:03+00:00","breadcrumb":{"@id":"https:\/\/pracownieorange.pl\/szprotawa\/script\/poznajemy-emocje-radosc\/#breadcrumb"},"inLanguage":"pl-PL","potentialAction":[{"@type":"ReadAction","target":["https:\/\/pracownieorange.pl\/szprotawa\/script\/poznajemy-emocje-radosc\/"]}]},{"@type":"ImageObject","inLanguage":"pl-PL","@id":"https:\/\/pracownieorange.pl\/szprotawa\/script\/poznajemy-emocje-radosc\/#primaryimage","url":"https:\/\/pracownieorange.pl\/app\/uploads\/sites\/107\/2025\/06\/1.png","contentUrl":"https:\/\/pracownieorange.pl\/app\/uploads\/sites\/107\/2025\/06\/1.png","width":940,"height":788,"caption":"zdj\u0119cie bibliotekarki pokazuj\u0105cej dzieciom ksi\u0105\u017ck\u0119 o rado\u015bci"},{"@type":"BreadcrumbList","@id":"https:\/\/pracownieorange.pl\/szprotawa\/script\/poznajemy-emocje-radosc\/#breadcrumb","itemListElement":[{"@type":"ListItem","position":1,"name":"Home","item":"https:\/\/pracownieorange.pl\/szprotawa\/"},{"@type":"ListItem","position":2,"name":"Scenariusze","item":"https:\/\/pracownieorange.pl\/szprotawa\/script\/"},{"@type":"ListItem","position":3,"name":"Poznajemy emocje &#8211; Rado\u015b\u0107"}]},{"@type":"WebSite","@id":"https:\/\/pracownieorange.pl\/szprotawa\/#website","url":"https:\/\/pracownieorange.pl\/szprotawa\/","name":"Pracownia Orange Szprotawa","description":"","potentialAction":[{"@type":"SearchAction","target":{"@type":"EntryPoint","urlTemplate":"https:\/\/pracownieorange.pl\/szprotawa\/?s={search_term_string}"},"query-input":{"@type":"PropertyValueSpecification","valueRequired":true,"valueName":"search_term_string"}}],"inLanguage":"pl-PL"}]}},"_links":{"self":[{"href":"https:\/\/pracownieorange.pl\/szprotawa\/wp-json\/wp\/v2\/script\/1353","targetHints":{"allow":["GET"]}}],"collection":[{"href":"https:\/\/pracownieorange.pl\/szprotawa\/wp-json\/wp\/v2\/script"}],"about":[{"href":"https:\/\/pracownieorange.pl\/szprotawa\/wp-json\/wp\/v2\/types\/script"}],"replies":[{"embeddable":true,"href":"https:\/\/pracownieorange.pl\/szprotawa\/wp-json\/wp\/v2\/comments?post=1353"}],"wp:featuredmedia":[{"embeddable":true,"href":"https:\/\/pracownieorange.pl\/szprotawa\/wp-json\/wp\/v2\/media\/1268"}],"wp:attachment":[{"href":"https:\/\/pracownieorange.pl\/szprotawa\/wp-json\/wp\/v2\/media?parent=1353"}],"curies":[{"name":"wp","href":"https:\/\/api.w.org\/{rel}","templated":true}]}}