

{"id":919,"date":"2026-03-28T07:02:58","date_gmt":"2026-03-28T06:02:58","guid":{"rendered":"https:\/\/pracownieorange.pl\/ryczywol\/?post_type=challange&#038;p=919"},"modified":"2026-03-28T07:02:58","modified_gmt":"2026-03-28T06:02:58","slug":"eksplozja-wiosny-w-pracowni-orange-ryczywol%f0%9f%92%a5%f0%9f%8c%b8","status":"publish","type":"challange","link":"https:\/\/pracownieorange.pl\/ryczywol\/challange\/eksplozja-wiosny-w-pracowni-orange-ryczywol%f0%9f%92%a5%f0%9f%8c%b8\/","title":{"rendered":"\u201eEksplozja Wiosny\u201d w Pracowni Orange Ryczyw\u00f3\u0142\ud83d\udca5\ud83c\udf38"},"content":{"rendered":"<p class=\"isSelectedEnd\">\ud83c\udf38\ud83d\udca5 <strong>Ale\u017c tu wybuch\u0142o\u2026 kolorami! Czyli \u201eEksplozja Wiosny\u201d w Pracowni Orange Ryczyw\u00f3\u0142<\/strong>\ud83d\udca5\ud83c\udf38<\/p>\n<p class=\"isSelectedEnd\">Za nami niezwykle energetyczne zaj\u0119cia, podczas kt\u00f3rych nasze <strong>Wielkanocne Laboratorium Koloru i Formy<\/strong> pracowa\u0142o pe\u0142n\u0105 par\u0105! \ud83c\udfa8\ud83d\udd2c By\u0142o tw\u00f3rczo, momentami bardzo intensywnie, ale przede wszystkim \u2013 rado\u015bnie i zespo\u0142owo!<\/p>\n<p class=\"isSelectedEnd\">Dzieci dzia\u0142a\u0142y w rotacyjnych stacjach zadaniowych, dzi\u0119ki czemu ka\u017cdy m\u00f3g\u0142 spr\u00f3bowa\u0107 czego\u015b innego i dorzuci\u0107 swoj\u0105 cegie\u0142k\u0119 do wielkiego fina\u0142u:<\/p>\n<p class=\"isSelectedEnd\">\ud83e\udd5a Na stacji <strong>\u201eJajko 3D \u2013 forma\u201d<\/strong> powsta\u0142y ogromne, kolorowe pisanki \u2013 ka\u017cda inna, ka\u017cda wyj\u0105tkowa i ka\u017cda gotowa, by sta\u0107 si\u0119 gwiazd\u0105 instalacji!<br \/>\n\ud83c\udf3f <strong>\u201eFaktura wiosny\u201d<\/strong> to by\u0142o prawdziwe pole do eksperyment\u00f3w \u2013 wycinanie, odbijanie, doklejanie\u2026 i nagle cz\u0119\u015b\u0107 pracowni zamienia\u0142a si\u0119 w pe\u0142n\u0105 \u017cycia, zielon\u0105 \u0142\u0105k\u0119.<br \/>\n\ud83d\udc23 Na stacji <strong>\u201eStw\u00f3r wielkanocny\u201d<\/strong> wyobra\u017ania nie mia\u0142a \u017cadnych granic \u2013 powsta\u0142y stworzenia, kt\u00f3re trudno opisa\u0107\u2026 ale na pewno da si\u0119 je pokocha\u0107 \ud83d\ude04 (sp\u00f3jrzcie tylko na tego rudego zaj\u0105ca, albo energetyczne wydmuszki!).<br \/>\n\ud83c\udf88 A <strong>\u201eKolor w ruchu\u201d<\/strong>? Tu dzia\u0142y si\u0119 rzeczy unosz\u0105ce si\u0119 w powietrzu! Powsta\u0142y lekkie, kolorowe mobile, kt\u00f3re teraz pi\u0119knie dope\u0142niaj\u0105 ca\u0142o\u015b\u0107. Nawet nasze wydmuszkowe stworki bujaj\u0105 w ob\u0142okach \ud83d\ude1b<\/p>\n<p class=\"isSelectedEnd\">No i przyszed\u0142 moment kulminacyjny\u2026 \ud83d\udca5<br \/>\nWszystkie elementy po\u0142\u0105czyli\u015bmy w jedn\u0105, wielk\u0105 instalacj\u0119 <strong>\u201eEksplozja Wiosny\u201d<\/strong> \ud83c\udf3c\ud83d\udc9b I efekt? Jak wida\u0107 \u2013 totalna feeria barw, form i pomys\u0142\u00f3w!<\/p>\n<p class=\"isSelectedEnd\">To nie tylko dekoracja \u2013 to historia wsp\u00f3\u0142pracy, odwagi tw\u00f3rczej i \u015bwietnej zabawy. Bo tutaj ka\u017cdy pomys\u0142 mia\u0142 znaczenie, a razem stworzyli\u015bmy co\u015b naprawd\u0119 wyj\u0105tkowego \ud83d\udc9a<\/p>\n<p>Dzi\u0119kujemy naszym m\u0142odym artystom \u2013 za energi\u0119, \u015bmiech i t\u0119 pi\u0119kn\u0105 \u201eeksplozj\u0119\u201d! \u2728<\/p>\n","protected":false},"featured_media":920,"template":"","class_list":["post-919","challange","type-challange","status-publish","has-post-thumbnail","hentry"],"acf":[],"yoast_head":"<!-- This site is optimized with the Yoast SEO plugin v24.5 - https:\/\/yoast.com\/wordpress\/plugins\/seo\/ -->\n<title>\u201eEksplozja Wiosny\u201d w Pracowni Orange Ryczyw\u00f3\u0142\ud83d\udca5\ud83c\udf38 - Pracownia Orange Ryczyw\u00f3\u0142<\/title>\n<meta name=\"robots\" content=\"index, follow, max-snippet:-1, max-image-preview:large, max-video-preview:-1\" \/>\n<link rel=\"canonical\" href=\"https:\/\/pracownieorange.pl\/ryczywol\/challange\/eksplozja-wiosny-w-pracowni-orange-ryczywol\ud83d\udca5\ud83c\udf38\/\" \/>\n<meta property=\"og:locale\" content=\"pl_PL\" \/>\n<meta property=\"og:type\" content=\"article\" \/>\n<meta property=\"og:title\" content=\"\u201eEksplozja Wiosny\u201d w Pracowni Orange Ryczyw\u00f3\u0142\ud83d\udca5\ud83c\udf38 - Pracownia Orange Ryczyw\u00f3\u0142\" \/>\n<meta property=\"og:description\" content=\"\ud83c\udf38\ud83d\udca5 Ale\u017c tu wybuch\u0142o\u2026 kolorami! Czyli \u201eEksplozja Wiosny\u201d w Pracowni [&hellip;]\" \/>\n<meta property=\"og:url\" content=\"https:\/\/pracownieorange.pl\/ryczywol\/challange\/eksplozja-wiosny-w-pracowni-orange-ryczywol\ud83d\udca5\ud83c\udf38\/\" \/>\n<meta property=\"og:site_name\" content=\"Pracownia Orange Ryczyw\u00f3\u0142\" \/>\n<meta property=\"og:image\" content=\"https:\/\/pracownieorange.pl\/app\/uploads\/sites\/79\/2026\/03\/2a5ed8c8-c33f-44ff-85c3-70c6af8482bb.jpg\" \/>\n\t<meta property=\"og:image:width\" content=\"2048\" \/>\n\t<meta property=\"og:image:height\" content=\"1536\" \/>\n\t<meta property=\"og:image:type\" content=\"image\/jpeg\" \/>\n<meta name=\"twitter:card\" content=\"summary_large_image\" \/>\n<meta name=\"twitter:label1\" content=\"Est. reading time\" \/>\n\t<meta name=\"twitter:data1\" content=\"2 minuty\" \/>\n<script type=\"application\/ld+json\" class=\"yoast-schema-graph\">{\"@context\":\"https:\/\/schema.org\",\"@graph\":[{\"@type\":\"WebPage\",\"@id\":\"https:\/\/pracownieorange.pl\/ryczywol\/challange\/eksplozja-wiosny-w-pracowni-orange-ryczywol%f0%9f%92%a5%f0%9f%8c%b8\/\",\"url\":\"https:\/\/pracownieorange.pl\/ryczywol\/challange\/eksplozja-wiosny-w-pracowni-orange-ryczywol%f0%9f%92%a5%f0%9f%8c%b8\/\",\"name\":\"\u201eEksplozja Wiosny\u201d w Pracowni Orange Ryczyw\u00f3\u0142\ud83d\udca5\ud83c\udf38 - Pracownia Orange Ryczyw\u00f3\u0142\",\"isPartOf\":{\"@id\":\"https:\/\/pracownieorange.pl\/ryczywol\/#website\"},\"primaryImageOfPage\":{\"@id\":\"https:\/\/pracownieorange.pl\/ryczywol\/challange\/eksplozja-wiosny-w-pracowni-orange-ryczywol%f0%9f%92%a5%f0%9f%8c%b8\/#primaryimage\"},\"image\":{\"@id\":\"https:\/\/pracownieorange.pl\/ryczywol\/challange\/eksplozja-wiosny-w-pracowni-orange-ryczywol%f0%9f%92%a5%f0%9f%8c%b8\/#primaryimage\"},\"thumbnailUrl\":\"https:\/\/pracownieorange.pl\/app\/uploads\/sites\/79\/2026\/03\/2a5ed8c8-c33f-44ff-85c3-70c6af8482bb.jpg\",\"datePublished\":\"2026-03-28T06:02:58+00:00\",\"breadcrumb\":{\"@id\":\"https:\/\/pracownieorange.pl\/ryczywol\/challange\/eksplozja-wiosny-w-pracowni-orange-ryczywol%f0%9f%92%a5%f0%9f%8c%b8\/#breadcrumb\"},\"inLanguage\":\"pl-PL\",\"potentialAction\":[{\"@type\":\"ReadAction\",\"target\":[\"https:\/\/pracownieorange.pl\/ryczywol\/challange\/eksplozja-wiosny-w-pracowni-orange-ryczywol%f0%9f%92%a5%f0%9f%8c%b8\/\"]}]},{\"@type\":\"ImageObject\",\"inLanguage\":\"pl-PL\",\"@id\":\"https:\/\/pracownieorange.pl\/ryczywol\/challange\/eksplozja-wiosny-w-pracowni-orange-ryczywol%f0%9f%92%a5%f0%9f%8c%b8\/#primaryimage\",\"url\":\"https:\/\/pracownieorange.pl\/app\/uploads\/sites\/79\/2026\/03\/2a5ed8c8-c33f-44ff-85c3-70c6af8482bb.jpg\",\"contentUrl\":\"https:\/\/pracownieorange.pl\/app\/uploads\/sites\/79\/2026\/03\/2a5ed8c8-c33f-44ff-85c3-70c6af8482bb.jpg\",\"width\":2048,\"height\":1536,\"caption\":\"Zdj\u0119cie przedstawia kolorow\u0105 instalacj\u0119 wiosenn\u0105 z pisankami i kr\u00f3liczkiem.\"},{\"@type\":\"BreadcrumbList\",\"@id\":\"https:\/\/pracownieorange.pl\/ryczywol\/challange\/eksplozja-wiosny-w-pracowni-orange-ryczywol%f0%9f%92%a5%f0%9f%8c%b8\/#breadcrumb\",\"itemListElement\":[{\"@type\":\"ListItem\",\"position\":1,\"name\":\"Home\",\"item\":\"https:\/\/pracownieorange.pl\/ryczywol\/\"},{\"@type\":\"ListItem\",\"position\":2,\"name\":\"Relacje\",\"item\":\"https:\/\/pracownieorange.pl\/ryczywol\/challange\/\"},{\"@type\":\"ListItem\",\"position\":3,\"name\":\"\u201eEksplozja Wiosny\u201d w Pracowni Orange Ryczyw\u00f3\u0142\ud83d\udca5\ud83c\udf38\"}]},{\"@type\":\"WebSite\",\"@id\":\"https:\/\/pracownieorange.pl\/ryczywol\/#website\",\"url\":\"https:\/\/pracownieorange.pl\/ryczywol\/\",\"name\":\"Pracownia Orange Ryczyw\u00f3\u0142\",\"description\":\"Kolejna witryna sieci &#8222;Pracownie Orange&#8221;\",\"potentialAction\":[{\"@type\":\"SearchAction\",\"target\":{\"@type\":\"EntryPoint\",\"urlTemplate\":\"https:\/\/pracownieorange.pl\/ryczywol\/?s={search_term_string}\"},\"query-input\":{\"@type\":\"PropertyValueSpecification\",\"valueRequired\":true,\"valueName\":\"search_term_string\"}}],\"inLanguage\":\"pl-PL\"}]}<\/script>\n<!-- \/ Yoast SEO plugin. -->","yoast_head_json":{"title":"\u201eEksplozja Wiosny\u201d w Pracowni Orange Ryczyw\u00f3\u0142\ud83d\udca5\ud83c\udf38 - Pracownia Orange Ryczyw\u00f3\u0142","robots":{"index":"index","follow":"follow","max-snippet":"max-snippet:-1","max-image-preview":"max-image-preview:large","max-video-preview":"max-video-preview:-1"},"canonical":"https:\/\/pracownieorange.pl\/ryczywol\/challange\/eksplozja-wiosny-w-pracowni-orange-ryczywol\ud83d\udca5\ud83c\udf38\/","og_locale":"pl_PL","og_type":"article","og_title":"\u201eEksplozja Wiosny\u201d w Pracowni Orange Ryczyw\u00f3\u0142\ud83d\udca5\ud83c\udf38 - Pracownia Orange Ryczyw\u00f3\u0142","og_description":"\ud83c\udf38\ud83d\udca5 Ale\u017c tu wybuch\u0142o\u2026 kolorami! Czyli \u201eEksplozja Wiosny\u201d w Pracowni [&hellip;]","og_url":"https:\/\/pracownieorange.pl\/ryczywol\/challange\/eksplozja-wiosny-w-pracowni-orange-ryczywol\ud83d\udca5\ud83c\udf38\/","og_site_name":"Pracownia Orange Ryczyw\u00f3\u0142","og_image":[{"width":2048,"height":1536,"url":"https:\/\/pracownieorange.pl\/app\/uploads\/sites\/79\/2026\/03\/2a5ed8c8-c33f-44ff-85c3-70c6af8482bb.jpg","type":"image\/jpeg"}],"twitter_card":"summary_large_image","twitter_misc":{"Est. reading time":"2 minuty"},"schema":{"@context":"https:\/\/schema.org","@graph":[{"@type":"WebPage","@id":"https:\/\/pracownieorange.pl\/ryczywol\/challange\/eksplozja-wiosny-w-pracowni-orange-ryczywol%f0%9f%92%a5%f0%9f%8c%b8\/","url":"https:\/\/pracownieorange.pl\/ryczywol\/challange\/eksplozja-wiosny-w-pracowni-orange-ryczywol%f0%9f%92%a5%f0%9f%8c%b8\/","name":"\u201eEksplozja Wiosny\u201d w Pracowni Orange Ryczyw\u00f3\u0142\ud83d\udca5\ud83c\udf38 - Pracownia Orange Ryczyw\u00f3\u0142","isPartOf":{"@id":"https:\/\/pracownieorange.pl\/ryczywol\/#website"},"primaryImageOfPage":{"@id":"https:\/\/pracownieorange.pl\/ryczywol\/challange\/eksplozja-wiosny-w-pracowni-orange-ryczywol%f0%9f%92%a5%f0%9f%8c%b8\/#primaryimage"},"image":{"@id":"https:\/\/pracownieorange.pl\/ryczywol\/challange\/eksplozja-wiosny-w-pracowni-orange-ryczywol%f0%9f%92%a5%f0%9f%8c%b8\/#primaryimage"},"thumbnailUrl":"https:\/\/pracownieorange.pl\/app\/uploads\/sites\/79\/2026\/03\/2a5ed8c8-c33f-44ff-85c3-70c6af8482bb.jpg","datePublished":"2026-03-28T06:02:58+00:00","breadcrumb":{"@id":"https:\/\/pracownieorange.pl\/ryczywol\/challange\/eksplozja-wiosny-w-pracowni-orange-ryczywol%f0%9f%92%a5%f0%9f%8c%b8\/#breadcrumb"},"inLanguage":"pl-PL","potentialAction":[{"@type":"ReadAction","target":["https:\/\/pracownieorange.pl\/ryczywol\/challange\/eksplozja-wiosny-w-pracowni-orange-ryczywol%f0%9f%92%a5%f0%9f%8c%b8\/"]}]},{"@type":"ImageObject","inLanguage":"pl-PL","@id":"https:\/\/pracownieorange.pl\/ryczywol\/challange\/eksplozja-wiosny-w-pracowni-orange-ryczywol%f0%9f%92%a5%f0%9f%8c%b8\/#primaryimage","url":"https:\/\/pracownieorange.pl\/app\/uploads\/sites\/79\/2026\/03\/2a5ed8c8-c33f-44ff-85c3-70c6af8482bb.jpg","contentUrl":"https:\/\/pracownieorange.pl\/app\/uploads\/sites\/79\/2026\/03\/2a5ed8c8-c33f-44ff-85c3-70c6af8482bb.jpg","width":2048,"height":1536,"caption":"Zdj\u0119cie przedstawia kolorow\u0105 instalacj\u0119 wiosenn\u0105 z pisankami i kr\u00f3liczkiem."},{"@type":"BreadcrumbList","@id":"https:\/\/pracownieorange.pl\/ryczywol\/challange\/eksplozja-wiosny-w-pracowni-orange-ryczywol%f0%9f%92%a5%f0%9f%8c%b8\/#breadcrumb","itemListElement":[{"@type":"ListItem","position":1,"name":"Home","item":"https:\/\/pracownieorange.pl\/ryczywol\/"},{"@type":"ListItem","position":2,"name":"Relacje","item":"https:\/\/pracownieorange.pl\/ryczywol\/challange\/"},{"@type":"ListItem","position":3,"name":"\u201eEksplozja Wiosny\u201d w Pracowni Orange Ryczyw\u00f3\u0142\ud83d\udca5\ud83c\udf38"}]},{"@type":"WebSite","@id":"https:\/\/pracownieorange.pl\/ryczywol\/#website","url":"https:\/\/pracownieorange.pl\/ryczywol\/","name":"Pracownia Orange Ryczyw\u00f3\u0142","description":"Kolejna witryna sieci &#8222;Pracownie Orange&#8221;","potentialAction":[{"@type":"SearchAction","target":{"@type":"EntryPoint","urlTemplate":"https:\/\/pracownieorange.pl\/ryczywol\/?s={search_term_string}"},"query-input":{"@type":"PropertyValueSpecification","valueRequired":true,"valueName":"search_term_string"}}],"inLanguage":"pl-PL"}]}},"_links":{"self":[{"href":"https:\/\/pracownieorange.pl\/ryczywol\/wp-json\/wp\/v2\/challange\/919","targetHints":{"allow":["GET"]}}],"collection":[{"href":"https:\/\/pracownieorange.pl\/ryczywol\/wp-json\/wp\/v2\/challange"}],"about":[{"href":"https:\/\/pracownieorange.pl\/ryczywol\/wp-json\/wp\/v2\/types\/challange"}],"wp:featuredmedia":[{"embeddable":true,"href":"https:\/\/pracownieorange.pl\/ryczywol\/wp-json\/wp\/v2\/media\/920"}],"wp:attachment":[{"href":"https:\/\/pracownieorange.pl\/ryczywol\/wp-json\/wp\/v2\/media?parent=919"}],"curies":[{"name":"wp","href":"https:\/\/api.w.org\/{rel}","templated":true}]}}