

{"id":78,"date":"2023-09-23T09:18:57","date_gmt":"2023-09-23T07:18:57","guid":{"rendered":"https:\/\/pracownieorange.pl\/morag\/?post_type=challange&#038;p=78"},"modified":"2023-09-28T10:21:52","modified_gmt":"2023-09-28T08:21:52","slug":"jesienna-obfitosc","status":"publish","type":"challange","link":"https:\/\/pracownieorange.pl\/morag\/challange\/jesienna-obfitosc\/","title":{"rendered":"Jesienna obfito\u015b\u0107\u2026"},"content":{"rendered":"<p>Powitanie jesieni rozpocz\u0119li\u015bmy warsztatami ekologicznymi, pt. \u201eJesienna obfito\u015b\u0107\u201d, kt\u00f3re poprowadzi\u0142a Kamila Radzimi\u0144ska-Arczak z\u00a0Fundacji Edukacja Le\u015bna Drzewice. Zauroczy\u0142a nas kolorowymi barwami jesieni, takimi jak czerwona dzika r\u00f3\u017ca, berberys, pomara\u0144czowa jarz\u0119bina, czy purpurowy bez. Uczestnicy spotkania dowiedzieli si\u0119 o w\u0142a\u015bciwo\u015bciach zi\u00f3\u0142, kt\u00f3re mo\u017cemy zebra\u0107 w lesie, a tak\u017ce przygotowali samodzielnie napar wzmacniaj\u0105cy odporno\u015b\u0107 organizmu. Uczniowie zapoznali si\u0119 i skosztowali wybranych ro\u015blin jadalnych, jak cho\u0107by szczawika zaj\u0119czego. Podczas warsztat\u00f3w dzieci wykonali tak\u017ce przepi\u0119kne, ro\u015blinne medaliony wykorzystuj\u0105c glin\u0119, gips oraz wybran\u0105 przez siebie ro\u015blin\u0119, szyszk\u0119, czy \u017co\u0142\u0119dzia. Dzieci mia\u0142y mo\u017cliwo\u015b\u0107 do\u015bwiadczenia obfito\u015bci dar\u00f3w jesieni, kt\u00f3ra jest wok\u00f3\u0142 nas i z kt\u00f3rej powinni\u015bmy korzysta\u0107.<\/p>\n","protected":false},"featured_media":80,"template":"","class_list":["post-78","challange","type-challange","status-publish","has-post-thumbnail","hentry"],"acf":[],"yoast_head":"<!-- This site is optimized with the Yoast SEO plugin v24.5 - https:\/\/yoast.com\/wordpress\/plugins\/seo\/ -->\n<title>Jesienna obfito\u015b\u0107\u2026 - Pracownia Orange Mor\u0105g<\/title>\n<meta name=\"robots\" content=\"index, follow, max-snippet:-1, max-image-preview:large, max-video-preview:-1\" \/>\n<link rel=\"canonical\" href=\"https:\/\/pracownieorange.pl\/morag\/challange\/jesienna-obfitosc\/\" \/>\n<meta property=\"og:locale\" content=\"pl_PL\" \/>\n<meta property=\"og:type\" content=\"article\" \/>\n<meta property=\"og:title\" content=\"Jesienna obfito\u015b\u0107\u2026 - Pracownia Orange Mor\u0105g\" \/>\n<meta property=\"og:description\" content=\"Powitanie jesieni rozpocz\u0119li\u015bmy warsztatami ekologicznymi, pt. \u201eJesienna obfito\u015b\u0107\u201d, kt\u00f3re poprowadzi\u0142a [&hellip;]\" \/>\n<meta property=\"og:url\" content=\"https:\/\/pracownieorange.pl\/morag\/challange\/jesienna-obfitosc\/\" \/>\n<meta property=\"og:site_name\" content=\"Pracownia Orange Mor\u0105g\" \/>\n<meta property=\"article:modified_time\" content=\"2023-09-28T08:21:52+00:00\" \/>\n<meta property=\"og:image\" content=\"https:\/\/pracownieorange.pl\/app\/uploads\/sites\/112\/2023\/09\/2.jpg\" \/>\n\t<meta property=\"og:image:width\" content=\"2048\" \/>\n\t<meta property=\"og:image:height\" content=\"1536\" \/>\n\t<meta property=\"og:image:type\" content=\"image\/jpeg\" \/>\n<meta name=\"twitter:card\" content=\"summary_large_image\" \/>\n<meta name=\"twitter:label1\" content=\"Est. reading time\" \/>\n\t<meta name=\"twitter:data1\" content=\"1 minuta\" \/>\n<script type=\"application\/ld+json\" class=\"yoast-schema-graph\">{\"@context\":\"https:\/\/schema.org\",\"@graph\":[{\"@type\":\"WebPage\",\"@id\":\"https:\/\/pracownieorange.pl\/morag\/challange\/jesienna-obfitosc\/\",\"url\":\"https:\/\/pracownieorange.pl\/morag\/challange\/jesienna-obfitosc\/\",\"name\":\"Jesienna obfito\u015b\u0107\u2026 - Pracownia Orange Mor\u0105g\",\"isPartOf\":{\"@id\":\"https:\/\/pracownieorange.pl\/morag\/#website\"},\"primaryImageOfPage\":{\"@id\":\"https:\/\/pracownieorange.pl\/morag\/challange\/jesienna-obfitosc\/#primaryimage\"},\"image\":{\"@id\":\"https:\/\/pracownieorange.pl\/morag\/challange\/jesienna-obfitosc\/#primaryimage\"},\"thumbnailUrl\":\"https:\/\/pracownieorange.pl\/app\/uploads\/sites\/112\/2023\/09\/2.jpg\",\"datePublished\":\"2023-09-23T07:18:57+00:00\",\"dateModified\":\"2023-09-28T08:21:52+00:00\",\"breadcrumb\":{\"@id\":\"https:\/\/pracownieorange.pl\/morag\/challange\/jesienna-obfitosc\/#breadcrumb\"},\"inLanguage\":\"pl-PL\",\"potentialAction\":[{\"@type\":\"ReadAction\",\"target\":[\"https:\/\/pracownieorange.pl\/morag\/challange\/jesienna-obfitosc\/\"]}]},{\"@type\":\"ImageObject\",\"inLanguage\":\"pl-PL\",\"@id\":\"https:\/\/pracownieorange.pl\/morag\/challange\/jesienna-obfitosc\/#primaryimage\",\"url\":\"https:\/\/pracownieorange.pl\/app\/uploads\/sites\/112\/2023\/09\/2.jpg\",\"contentUrl\":\"https:\/\/pracownieorange.pl\/app\/uploads\/sites\/112\/2023\/09\/2.jpg\",\"width\":2048,\"height\":1536,\"caption\":\"St\u00f3\u0142 zastawiony ro\u015blinami i stand z plakatem wydarzenia.\"},{\"@type\":\"BreadcrumbList\",\"@id\":\"https:\/\/pracownieorange.pl\/morag\/challange\/jesienna-obfitosc\/#breadcrumb\",\"itemListElement\":[{\"@type\":\"ListItem\",\"position\":1,\"name\":\"Home\",\"item\":\"https:\/\/pracownieorange.pl\/morag\/\"},{\"@type\":\"ListItem\",\"position\":2,\"name\":\"Relacje\",\"item\":\"https:\/\/pracownieorange.pl\/morag\/challange\/\"},{\"@type\":\"ListItem\",\"position\":3,\"name\":\"Jesienna obfito\u015b\u0107\u2026\"}]},{\"@type\":\"WebSite\",\"@id\":\"https:\/\/pracownieorange.pl\/morag\/#website\",\"url\":\"https:\/\/pracownieorange.pl\/morag\/\",\"name\":\"Pracownia Orange Mor\u0105g\",\"description\":\"\",\"potentialAction\":[{\"@type\":\"SearchAction\",\"target\":{\"@type\":\"EntryPoint\",\"urlTemplate\":\"https:\/\/pracownieorange.pl\/morag\/?s={search_term_string}\"},\"query-input\":{\"@type\":\"PropertyValueSpecification\",\"valueRequired\":true,\"valueName\":\"search_term_string\"}}],\"inLanguage\":\"pl-PL\"}]}<\/script>\n<!-- \/ Yoast SEO plugin. -->","yoast_head_json":{"title":"Jesienna obfito\u015b\u0107\u2026 - Pracownia Orange Mor\u0105g","robots":{"index":"index","follow":"follow","max-snippet":"max-snippet:-1","max-image-preview":"max-image-preview:large","max-video-preview":"max-video-preview:-1"},"canonical":"https:\/\/pracownieorange.pl\/morag\/challange\/jesienna-obfitosc\/","og_locale":"pl_PL","og_type":"article","og_title":"Jesienna obfito\u015b\u0107\u2026 - Pracownia Orange Mor\u0105g","og_description":"Powitanie jesieni rozpocz\u0119li\u015bmy warsztatami ekologicznymi, pt. \u201eJesienna obfito\u015b\u0107\u201d, kt\u00f3re poprowadzi\u0142a [&hellip;]","og_url":"https:\/\/pracownieorange.pl\/morag\/challange\/jesienna-obfitosc\/","og_site_name":"Pracownia Orange Mor\u0105g","article_modified_time":"2023-09-28T08:21:52+00:00","og_image":[{"width":2048,"height":1536,"url":"https:\/\/pracownieorange.pl\/app\/uploads\/sites\/112\/2023\/09\/2.jpg","type":"image\/jpeg"}],"twitter_card":"summary_large_image","twitter_misc":{"Est. reading time":"1 minuta"},"schema":{"@context":"https:\/\/schema.org","@graph":[{"@type":"WebPage","@id":"https:\/\/pracownieorange.pl\/morag\/challange\/jesienna-obfitosc\/","url":"https:\/\/pracownieorange.pl\/morag\/challange\/jesienna-obfitosc\/","name":"Jesienna obfito\u015b\u0107\u2026 - Pracownia Orange Mor\u0105g","isPartOf":{"@id":"https:\/\/pracownieorange.pl\/morag\/#website"},"primaryImageOfPage":{"@id":"https:\/\/pracownieorange.pl\/morag\/challange\/jesienna-obfitosc\/#primaryimage"},"image":{"@id":"https:\/\/pracownieorange.pl\/morag\/challange\/jesienna-obfitosc\/#primaryimage"},"thumbnailUrl":"https:\/\/pracownieorange.pl\/app\/uploads\/sites\/112\/2023\/09\/2.jpg","datePublished":"2023-09-23T07:18:57+00:00","dateModified":"2023-09-28T08:21:52+00:00","breadcrumb":{"@id":"https:\/\/pracownieorange.pl\/morag\/challange\/jesienna-obfitosc\/#breadcrumb"},"inLanguage":"pl-PL","potentialAction":[{"@type":"ReadAction","target":["https:\/\/pracownieorange.pl\/morag\/challange\/jesienna-obfitosc\/"]}]},{"@type":"ImageObject","inLanguage":"pl-PL","@id":"https:\/\/pracownieorange.pl\/morag\/challange\/jesienna-obfitosc\/#primaryimage","url":"https:\/\/pracownieorange.pl\/app\/uploads\/sites\/112\/2023\/09\/2.jpg","contentUrl":"https:\/\/pracownieorange.pl\/app\/uploads\/sites\/112\/2023\/09\/2.jpg","width":2048,"height":1536,"caption":"St\u00f3\u0142 zastawiony ro\u015blinami i stand z plakatem wydarzenia."},{"@type":"BreadcrumbList","@id":"https:\/\/pracownieorange.pl\/morag\/challange\/jesienna-obfitosc\/#breadcrumb","itemListElement":[{"@type":"ListItem","position":1,"name":"Home","item":"https:\/\/pracownieorange.pl\/morag\/"},{"@type":"ListItem","position":2,"name":"Relacje","item":"https:\/\/pracownieorange.pl\/morag\/challange\/"},{"@type":"ListItem","position":3,"name":"Jesienna obfito\u015b\u0107\u2026"}]},{"@type":"WebSite","@id":"https:\/\/pracownieorange.pl\/morag\/#website","url":"https:\/\/pracownieorange.pl\/morag\/","name":"Pracownia Orange Mor\u0105g","description":"","potentialAction":[{"@type":"SearchAction","target":{"@type":"EntryPoint","urlTemplate":"https:\/\/pracownieorange.pl\/morag\/?s={search_term_string}"},"query-input":{"@type":"PropertyValueSpecification","valueRequired":true,"valueName":"search_term_string"}}],"inLanguage":"pl-PL"}]}},"_links":{"self":[{"href":"https:\/\/pracownieorange.pl\/morag\/wp-json\/wp\/v2\/challange\/78","targetHints":{"allow":["GET"]}}],"collection":[{"href":"https:\/\/pracownieorange.pl\/morag\/wp-json\/wp\/v2\/challange"}],"about":[{"href":"https:\/\/pracownieorange.pl\/morag\/wp-json\/wp\/v2\/types\/challange"}],"wp:featuredmedia":[{"embeddable":true,"href":"https:\/\/pracownieorange.pl\/morag\/wp-json\/wp\/v2\/media\/80"}],"wp:attachment":[{"href":"https:\/\/pracownieorange.pl\/morag\/wp-json\/wp\/v2\/media?parent=78"}],"curies":[{"name":"wp","href":"https:\/\/api.w.org\/{rel}","templated":true}]}}