

{"id":708,"date":"2024-10-22T10:06:31","date_gmt":"2024-10-22T08:06:31","guid":{"rendered":"https:\/\/pracownieorange.pl\/jaraczewo\/?post_type=script&#038;p=708"},"modified":"2024-10-22T23:15:49","modified_gmt":"2024-10-22T21:15:49","slug":"z-sercem-uszyte-kosmetyczki-dla-kazdego","status":"publish","type":"script","link":"https:\/\/pracownieorange.pl\/jaraczewo\/script\/z-sercem-uszyte-kosmetyczki-dla-kazdego\/","title":{"rendered":"#z sercem uszyte Kosmetyczki dla ka\u017cdego"},"content":{"rendered":"<p><strong>Temat zaj\u0119\u0107<\/strong>: Kosmetyczki nie tylko dla kobiet.<\/p>\n<p>Zaj\u0119cia skierowane s\u0105 do os\u00f3b doros\u0142ych i m\u0142odzie\u017cy.<\/p>\n<p><strong>Czas trwania<\/strong> ok 2 h<\/p>\n<p><strong>Cel og\u00f3lny:<\/strong><\/p>\n<p>Rozw\u00f3j umiej\u0119tno\u015bci krawieckich.<\/p>\n<p><strong>Cele szczeg\u00f3\u0142owe:<\/strong><\/p>\n<ul>\n<li>rozwijanie uzdolnie\u0144 i umiej\u0119tno\u015bci uczestnik\u00f3w,<\/li>\n<li>doskonalenie umiej\u0119tno\u015bci praktycznych w zakresie szycia,<\/li>\n<li>rozwijanie sprawno\u015bci manualnej,<\/li>\n<li>wdra\u017canie do pracy w zespole,<\/li>\n<li>kszta\u0142towanie postaw proekologicznych,<\/li>\n<li>samodzielno\u015b\u0107 pracy.<\/li>\n<\/ul>\n<p><strong>Materia\u0142y dydaktyczne:<\/strong><\/p>\n<ul>\n<li>maszyna do szycia,<\/li>\n<li>no\u017cyczki krawieckie,<\/li>\n<li>materia\u0142.<\/li>\n<\/ul>\n<p><strong>Wykonanie<\/strong><\/p>\n<p>Przygotuj materia\u0142:<\/p>\n<ol>\n<li style=\"list-style-type: none;\">\n<ol>\n<li style=\"list-style-type: none;\">\n<ul>\n<li>Zacznij od wyci\u0119cia dw\u00f3ch prostok\u0105t\u00f3w o wymiarach 45 cm x 32 cm z wybranych tkanin. Jeden kawa\u0142ek b\u0119dzie na zewn\u0105trz, drugi pos\u0142u\u017cy jako podszewka. Dopilnuj, aby wszystkie kraw\u0119dzie by\u0142y r\u00f3wno przyci\u0119te.<\/li>\n<\/ul>\n<\/li>\n<\/ol>\n<\/li>\n<\/ol>\n<p>Przyszyj zamek b\u0142yskawiczny:<\/p>\n<ol>\n<li style=\"list-style-type: none;\">\n<ol>\n<li style=\"list-style-type: none;\">\n<ul>\n<li>Teraz przyszyj zamek b\u0142yskawiczny do w\u0119\u017cszych kraw\u0119dzi jednego z kawa\u0142k\u00f3w materia\u0142u. U\u0142\u00f3\u017c materia\u0142 praw\u0105 stron\u0105 do g\u00f3ry, a zamek zsu\u0144 w d\u00f3\u0142. Przypnij zamek szpilkami, a nast\u0119pnie przyszyj go stopk\u0105 do zamk\u00f3w. Powt\u00f3rz to z drugim kawa\u0142kiem materia\u0142u, tak aby zamek znalaz\u0142 si\u0119 pomi\u0119dzy nimi.<\/li>\n<\/ul>\n<\/li>\n<\/ol>\n<\/li>\n<\/ol>\n<p>Po\u0142\u0105cz tkaniny:<\/p>\n<ol>\n<li style=\"list-style-type: none;\">\n<ol>\n<li style=\"list-style-type: none;\">\n<ul>\n<li>Z\u0142\u00f3\u017c obie tkaniny prawymi stronami do siebie, z zamkiem na g\u00f3rze. Zszyj boki i d\u00f3\u0142 kosmetyczki, pozostawiaj\u0105c otw\u00f3r na g\u00f3rze. W ten spos\u00f3b Twoja kosmetyczka zacznie nabiera\u0107 kszta\u0142tu.<\/li>\n<\/ul>\n<\/li>\n<\/ol>\n<\/li>\n<\/ol>\n<p>Wyko\u0144cz zamek:<\/p>\n<ul>\n<li>Teraz wywr\u00f3\u0107 kosmetyczk\u0119 na praw\u0105 stron\u0119. Wykonaj ozdobny \u015bcieg wzd\u0142u\u017c kraw\u0119dzi zamka \u2013 to nie tylko poprawi estetyk\u0119, ale tak\u017ce wzmocni kosmetyczk\u0119. Na ko\u0144cu wsuniesz suwaczek na zamek, aby kosmetyczka by\u0142a gotowa do u\u017cycia.<\/li>\n<li>Zmierz 3 cm od g\u00f3rnej kraw\u0119dzi i narysuj skosy, kt\u00f3re p\u00f3\u017aniej obetniesz. Dzi\u0119ki temu kosmetyczka nabierze eleganckiego kszta\u0142tu.<\/li>\n<li>Przyszyj ko\u0144cowe kraw\u0119dzie na lewej stronie, zostawiaj\u0105c ma\u0142y otw\u00f3r do wywr\u00f3cenia kosmetyczki. Gdy ju\u017c to zrobisz, wywr\u00f3\u0107 kosmetyczk\u0119 na praw\u0105 stron\u0119 i zaszyj pozosta\u0142y otw\u00f3r r\u0119cznie lub maszynowo.<\/li>\n<li>W\u0142\u00f3\u017c podszewk\u0119 do \u015brodka, upewniaj\u0105c si\u0119, \u017ce wszystko jest r\u00f3wno u\u0142o\u017cone.<\/li>\n<\/ul>\n<p>I to wszystko \u2013 Twoja kosmetyczka jest gotowa!\u00a0 Gotowy produkt zmie\u015bci si\u0119 w ka\u017cdej damskiej torebce.<\/p>\n","protected":false},"excerpt":{"rendered":"<p>Temat zaj\u0119\u0107: Kosmetyczki nie tylko dla kobiet. Zaj\u0119cia skierowane s\u0105 [&hellip;]<\/p>\n","protected":false},"featured_media":709,"comment_status":"open","ping_status":"closed","template":"","class_list":["post-708","script","type-script","status-publish","has-post-thumbnail","hentry"],"acf":[],"yoast_head":"<!-- This site is optimized with the Yoast SEO plugin v24.5 - https:\/\/yoast.com\/wordpress\/plugins\/seo\/ -->\n<title>#z sercem uszyte Kosmetyczki dla ka\u017cdego - Pracownia Orange Jaraczewo<\/title>\n<meta name=\"robots\" content=\"index, follow, max-snippet:-1, max-image-preview:large, max-video-preview:-1\" \/>\n<link rel=\"canonical\" href=\"https:\/\/pracownieorange.pl\/jaraczewo\/script\/z-sercem-uszyte-kosmetyczki-dla-kazdego\/\" \/>\n<meta property=\"og:locale\" content=\"pl_PL\" \/>\n<meta property=\"og:type\" content=\"article\" \/>\n<meta property=\"og:title\" content=\"#z sercem uszyte Kosmetyczki dla ka\u017cdego - Pracownia Orange Jaraczewo\" \/>\n<meta property=\"og:description\" content=\"Temat zaj\u0119\u0107: Kosmetyczki nie tylko dla kobiet. Zaj\u0119cia skierowane s\u0105 [&hellip;]\" \/>\n<meta property=\"og:url\" content=\"https:\/\/pracownieorange.pl\/jaraczewo\/script\/z-sercem-uszyte-kosmetyczki-dla-kazdego\/\" \/>\n<meta property=\"og:site_name\" content=\"Pracownia Orange Jaraczewo\" \/>\n<meta property=\"article:modified_time\" content=\"2024-10-22T21:15:49+00:00\" \/>\n<meta property=\"og:image\" content=\"https:\/\/pracownieorange.pl\/app\/uploads\/sites\/103\/2024\/10\/m4.jpg\" \/>\n\t<meta property=\"og:image:width\" content=\"768\" \/>\n\t<meta property=\"og:image:height\" content=\"1024\" \/>\n\t<meta property=\"og:image:type\" content=\"image\/jpeg\" \/>\n<meta name=\"twitter:card\" content=\"summary_large_image\" \/>\n<meta name=\"twitter:label1\" content=\"Est. reading time\" \/>\n\t<meta name=\"twitter:data1\" content=\"2 minuty\" \/>\n<script type=\"application\/ld+json\" class=\"yoast-schema-graph\">{\"@context\":\"https:\/\/schema.org\",\"@graph\":[{\"@type\":\"WebPage\",\"@id\":\"https:\/\/pracownieorange.pl\/jaraczewo\/script\/z-sercem-uszyte-kosmetyczki-dla-kazdego\/\",\"url\":\"https:\/\/pracownieorange.pl\/jaraczewo\/script\/z-sercem-uszyte-kosmetyczki-dla-kazdego\/\",\"name\":\"#z sercem uszyte Kosmetyczki dla ka\u017cdego - Pracownia Orange Jaraczewo\",\"isPartOf\":{\"@id\":\"https:\/\/pracownieorange.pl\/jaraczewo\/#website\"},\"primaryImageOfPage\":{\"@id\":\"https:\/\/pracownieorange.pl\/jaraczewo\/script\/z-sercem-uszyte-kosmetyczki-dla-kazdego\/#primaryimage\"},\"image\":{\"@id\":\"https:\/\/pracownieorange.pl\/jaraczewo\/script\/z-sercem-uszyte-kosmetyczki-dla-kazdego\/#primaryimage\"},\"thumbnailUrl\":\"https:\/\/pracownieorange.pl\/app\/uploads\/sites\/103\/2024\/10\/m4.jpg\",\"datePublished\":\"2024-10-22T08:06:31+00:00\",\"dateModified\":\"2024-10-22T21:15:49+00:00\",\"breadcrumb\":{\"@id\":\"https:\/\/pracownieorange.pl\/jaraczewo\/script\/z-sercem-uszyte-kosmetyczki-dla-kazdego\/#breadcrumb\"},\"inLanguage\":\"pl-PL\",\"potentialAction\":[{\"@type\":\"ReadAction\",\"target\":[\"https:\/\/pracownieorange.pl\/jaraczewo\/script\/z-sercem-uszyte-kosmetyczki-dla-kazdego\/\"]}]},{\"@type\":\"ImageObject\",\"inLanguage\":\"pl-PL\",\"@id\":\"https:\/\/pracownieorange.pl\/jaraczewo\/script\/z-sercem-uszyte-kosmetyczki-dla-kazdego\/#primaryimage\",\"url\":\"https:\/\/pracownieorange.pl\/app\/uploads\/sites\/103\/2024\/10\/m4.jpg\",\"contentUrl\":\"https:\/\/pracownieorange.pl\/app\/uploads\/sites\/103\/2024\/10\/m4.jpg\",\"width\":768,\"height\":1024,\"caption\":\"kosmetyczki\"},{\"@type\":\"BreadcrumbList\",\"@id\":\"https:\/\/pracownieorange.pl\/jaraczewo\/script\/z-sercem-uszyte-kosmetyczki-dla-kazdego\/#breadcrumb\",\"itemListElement\":[{\"@type\":\"ListItem\",\"position\":1,\"name\":\"Home\",\"item\":\"https:\/\/pracownieorange.pl\/jaraczewo\/\"},{\"@type\":\"ListItem\",\"position\":2,\"name\":\"Scenariusze\",\"item\":\"https:\/\/pracownieorange.pl\/jaraczewo\/script\/\"},{\"@type\":\"ListItem\",\"position\":3,\"name\":\"#z sercem uszyte Kosmetyczki dla ka\u017cdego\"}]},{\"@type\":\"WebSite\",\"@id\":\"https:\/\/pracownieorange.pl\/jaraczewo\/#website\",\"url\":\"https:\/\/pracownieorange.pl\/jaraczewo\/\",\"name\":\"Pracownia Orange Jaraczewo\",\"description\":\"\",\"potentialAction\":[{\"@type\":\"SearchAction\",\"target\":{\"@type\":\"EntryPoint\",\"urlTemplate\":\"https:\/\/pracownieorange.pl\/jaraczewo\/?s={search_term_string}\"},\"query-input\":{\"@type\":\"PropertyValueSpecification\",\"valueRequired\":true,\"valueName\":\"search_term_string\"}}],\"inLanguage\":\"pl-PL\"}]}<\/script>\n<!-- \/ Yoast SEO plugin. -->","yoast_head_json":{"title":"#z sercem uszyte Kosmetyczki dla ka\u017cdego - Pracownia Orange Jaraczewo","robots":{"index":"index","follow":"follow","max-snippet":"max-snippet:-1","max-image-preview":"max-image-preview:large","max-video-preview":"max-video-preview:-1"},"canonical":"https:\/\/pracownieorange.pl\/jaraczewo\/script\/z-sercem-uszyte-kosmetyczki-dla-kazdego\/","og_locale":"pl_PL","og_type":"article","og_title":"#z sercem uszyte Kosmetyczki dla ka\u017cdego - Pracownia Orange Jaraczewo","og_description":"Temat zaj\u0119\u0107: Kosmetyczki nie tylko dla kobiet. Zaj\u0119cia skierowane s\u0105 [&hellip;]","og_url":"https:\/\/pracownieorange.pl\/jaraczewo\/script\/z-sercem-uszyte-kosmetyczki-dla-kazdego\/","og_site_name":"Pracownia Orange Jaraczewo","article_modified_time":"2024-10-22T21:15:49+00:00","og_image":[{"width":768,"height":1024,"url":"https:\/\/pracownieorange.pl\/app\/uploads\/sites\/103\/2024\/10\/m4.jpg","type":"image\/jpeg"}],"twitter_card":"summary_large_image","twitter_misc":{"Est. reading time":"2 minuty"},"schema":{"@context":"https:\/\/schema.org","@graph":[{"@type":"WebPage","@id":"https:\/\/pracownieorange.pl\/jaraczewo\/script\/z-sercem-uszyte-kosmetyczki-dla-kazdego\/","url":"https:\/\/pracownieorange.pl\/jaraczewo\/script\/z-sercem-uszyte-kosmetyczki-dla-kazdego\/","name":"#z sercem uszyte Kosmetyczki dla ka\u017cdego - Pracownia Orange Jaraczewo","isPartOf":{"@id":"https:\/\/pracownieorange.pl\/jaraczewo\/#website"},"primaryImageOfPage":{"@id":"https:\/\/pracownieorange.pl\/jaraczewo\/script\/z-sercem-uszyte-kosmetyczki-dla-kazdego\/#primaryimage"},"image":{"@id":"https:\/\/pracownieorange.pl\/jaraczewo\/script\/z-sercem-uszyte-kosmetyczki-dla-kazdego\/#primaryimage"},"thumbnailUrl":"https:\/\/pracownieorange.pl\/app\/uploads\/sites\/103\/2024\/10\/m4.jpg","datePublished":"2024-10-22T08:06:31+00:00","dateModified":"2024-10-22T21:15:49+00:00","breadcrumb":{"@id":"https:\/\/pracownieorange.pl\/jaraczewo\/script\/z-sercem-uszyte-kosmetyczki-dla-kazdego\/#breadcrumb"},"inLanguage":"pl-PL","potentialAction":[{"@type":"ReadAction","target":["https:\/\/pracownieorange.pl\/jaraczewo\/script\/z-sercem-uszyte-kosmetyczki-dla-kazdego\/"]}]},{"@type":"ImageObject","inLanguage":"pl-PL","@id":"https:\/\/pracownieorange.pl\/jaraczewo\/script\/z-sercem-uszyte-kosmetyczki-dla-kazdego\/#primaryimage","url":"https:\/\/pracownieorange.pl\/app\/uploads\/sites\/103\/2024\/10\/m4.jpg","contentUrl":"https:\/\/pracownieorange.pl\/app\/uploads\/sites\/103\/2024\/10\/m4.jpg","width":768,"height":1024,"caption":"kosmetyczki"},{"@type":"BreadcrumbList","@id":"https:\/\/pracownieorange.pl\/jaraczewo\/script\/z-sercem-uszyte-kosmetyczki-dla-kazdego\/#breadcrumb","itemListElement":[{"@type":"ListItem","position":1,"name":"Home","item":"https:\/\/pracownieorange.pl\/jaraczewo\/"},{"@type":"ListItem","position":2,"name":"Scenariusze","item":"https:\/\/pracownieorange.pl\/jaraczewo\/script\/"},{"@type":"ListItem","position":3,"name":"#z sercem uszyte Kosmetyczki dla ka\u017cdego"}]},{"@type":"WebSite","@id":"https:\/\/pracownieorange.pl\/jaraczewo\/#website","url":"https:\/\/pracownieorange.pl\/jaraczewo\/","name":"Pracownia Orange Jaraczewo","description":"","potentialAction":[{"@type":"SearchAction","target":{"@type":"EntryPoint","urlTemplate":"https:\/\/pracownieorange.pl\/jaraczewo\/?s={search_term_string}"},"query-input":{"@type":"PropertyValueSpecification","valueRequired":true,"valueName":"search_term_string"}}],"inLanguage":"pl-PL"}]}},"_links":{"self":[{"href":"https:\/\/pracownieorange.pl\/jaraczewo\/wp-json\/wp\/v2\/script\/708","targetHints":{"allow":["GET"]}}],"collection":[{"href":"https:\/\/pracownieorange.pl\/jaraczewo\/wp-json\/wp\/v2\/script"}],"about":[{"href":"https:\/\/pracownieorange.pl\/jaraczewo\/wp-json\/wp\/v2\/types\/script"}],"replies":[{"embeddable":true,"href":"https:\/\/pracownieorange.pl\/jaraczewo\/wp-json\/wp\/v2\/comments?post=708"}],"wp:featuredmedia":[{"embeddable":true,"href":"https:\/\/pracownieorange.pl\/jaraczewo\/wp-json\/wp\/v2\/media\/709"}],"wp:attachment":[{"href":"https:\/\/pracownieorange.pl\/jaraczewo\/wp-json\/wp\/v2\/media?parent=708"}],"curies":[{"name":"wp","href":"https:\/\/api.w.org\/{rel}","templated":true}]}}