

{"id":596,"date":"2024-06-20T13:16:27","date_gmt":"2024-06-20T11:16:27","guid":{"rendered":"https:\/\/pracownieorange.pl\/jaraczewo\/?post_type=script&#038;p=596"},"modified":"2024-06-22T14:56:36","modified_gmt":"2024-06-22T12:56:36","slug":"wasy-z-narzedziem-na-dzien-taty","status":"publish","type":"script","link":"https:\/\/pracownieorange.pl\/jaraczewo\/script\/wasy-z-narzedziem-na-dzien-taty\/","title":{"rendered":"W\u0105sy z narz\u0119dziem na Dzie\u0144 Taty"},"content":{"rendered":"<p><strong><u>Warsztaty na Dzie\u0144 Taty<\/u><\/strong><\/p>\n<p>Zaj\u0119cia skierowane s\u0105 dla uczni\u00f3w klas 1-3<\/p>\n<p>&nbsp;<\/p>\n<p><strong><u>Czas trwania:<\/u><\/strong><\/p>\n<p>90 min.<\/p>\n<p><strong><u>Cel og\u00f3lny;<\/u><\/strong><\/p>\n<p>Rozwijanie umiej\u0119tno\u015bci manualnych oraz poznanie plotera laserowego.<\/p>\n<p><strong><u>Cele szczeg\u00f3\u0142owe:<\/u><\/strong><\/p>\n<p>&#8211;\u00a0 rozwini\u0119cie zdolno\u015bci manualnych poprzez prace plastyczne,<\/p>\n<p>&#8211; kszta\u0142towanie kreatywno\u015bci i wyobra\u017ani poprzez tw\u00f3rcze dzia\u0142anie,<\/p>\n<p>&#8211; poznanie nowych technik dzia\u0142ania,<\/p>\n<p>&#8211; zapoznanie z mo\u017cliwo\u015bciami jakie daje ploter laserowy,<\/p>\n<p>&#8211; praca z materia\u0142ami powsta\u0142ymi na ploterze<\/p>\n<p>&nbsp;<\/p>\n<p><strong><u>Materia\u0142y dydaktyczne:<\/u><\/strong><\/p>\n<p>&#8211; sklejka,<\/p>\n<p>&#8211; pisaki, farby<\/p>\n<p>&#8211; klej, no\u017cyczki<\/p>\n<p>&#8211;\u00a0 kolorowy papier, bibu\u0142a, kolorowe ta\u015bmy<\/p>\n<p>&#8211; sznurek jutowy<\/p>\n<p>&nbsp;<\/p>\n<p><strong><u>Przebieg zaj\u0119\u0107.<\/u><\/strong><\/p>\n<ol>\n<li>Przywitanie dzieci.<\/li>\n<li>Obja\u015bnienie przez Liderki Pracowni, na czym polega praca przy ploterze laserowym. Kr\u00f3tkie zaznajomienie z programem komputerowym. Nast\u0119pnie wyci\u0119cie wsp\u00f3lnie kilku element\u00f3w, kt\u00f3re b\u0119d\u0105 potrzebne na zaj\u0119cia.<\/li>\n<\/ol>\n<p>(Wi\u0119kszo\u015b\u0107 potrzebnych materia\u0142\u00f3w zalecamy przygotowa\u0107 wcze\u015bniej, ze wzgl\u0119du na czas pracy i bezpiecze\u0144stwo na zaj\u0119ciach).<\/p>\n<ol start=\"3\">\n<li>Wycinamy podstaw\u0119 wieszaka oraz potrzebne dodatkowe elementy.<\/li>\n<\/ol>\n<p>Wymiary: W\u0105sy 14 cm x 6 cm<\/p>\n<p>Narz\u0119dzia 7 cm x 2 cm<\/p>\n<ol start=\"4\">\n<li>Podzielenie uczestnik\u00f3w na dwie grupy:<\/li>\n<\/ol>\n<p>&#8211; jedna grupa asystuje Liderce podczas pracy z ploterem laserowym,<\/p>\n<p>&#8211; druga grupa uczestniczy w zaj\u0119ciach z goglami VR.<\/p>\n<ol start=\"5\">\n<li>Ka\u017cdy z uczestnik\u00f3w otrzymuje wyci\u0119te elementy (narz\u0119dzia), kt\u00f3re stanowi\u0107 b\u0119d\u0105 dope\u0142nienie wieszaka na narz\u0119dzia.<\/li>\n<li>Dzieci do swoich pakiet\u00f3w otrzymuj\u0105 sznurek jutowy oraz materia\u0142y plastyczne (pisaki, kredki, brokaty, kolorowe papiery itp.).<\/li>\n<li>Pe\u0142na dowolno\u015b\u0107 w przygotowaniu i ozdabianiu gad\u017cetu. Jest to praca indywidualna.<\/li>\n<li>Po wykonaniu pracy nast\u0119puje zamiana i dzieci bior\u0105ce udzia\u0142 w zaj\u0119ciach z goglami VR przychodz\u0105 do strefy manualnej i wykonuj\u0105 swoje upominki dla taty. Natomiast dzieci, kt\u00f3re wcze\u015bniej dzia\u0142a\u0142y plastycznie sprz\u0105taj\u0105 swoje miejsca pracy i udaj\u0105 si\u0119 na spotkanie z wirtualn\u0105 rzeczywisto\u015bci\u0105.<\/li>\n<li>Podsumowanie zaj\u0119\u0107 i zaproszenie dzieci do korzystania z Pracowni Orange.<\/li>\n<\/ol>\n<p>&nbsp;<\/p>\n","protected":false},"excerpt":{"rendered":"<p>Warsztaty na Dzie\u0144 Taty Zaj\u0119cia skierowane s\u0105 dla uczni\u00f3w klas [&hellip;]<\/p>\n","protected":false},"featured_media":592,"comment_status":"open","ping_status":"closed","template":"","class_list":["post-596","script","type-script","status-publish","has-post-thumbnail","hentry"],"acf":[],"yoast_head":"<!-- This site is optimized with the Yoast SEO plugin v24.5 - https:\/\/yoast.com\/wordpress\/plugins\/seo\/ -->\n<title>W\u0105sy z narz\u0119dziem na Dzie\u0144 Taty - Pracownia Orange Jaraczewo<\/title>\n<meta name=\"robots\" content=\"index, follow, max-snippet:-1, max-image-preview:large, max-video-preview:-1\" \/>\n<link rel=\"canonical\" href=\"https:\/\/pracownieorange.pl\/jaraczewo\/script\/wasy-z-narzedziem-na-dzien-taty\/\" \/>\n<meta property=\"og:locale\" content=\"pl_PL\" \/>\n<meta property=\"og:type\" content=\"article\" \/>\n<meta property=\"og:title\" content=\"W\u0105sy z narz\u0119dziem na Dzie\u0144 Taty - Pracownia Orange Jaraczewo\" \/>\n<meta property=\"og:description\" content=\"Warsztaty na Dzie\u0144 Taty Zaj\u0119cia skierowane s\u0105 dla uczni\u00f3w klas [&hellip;]\" \/>\n<meta property=\"og:url\" content=\"https:\/\/pracownieorange.pl\/jaraczewo\/script\/wasy-z-narzedziem-na-dzien-taty\/\" \/>\n<meta property=\"og:site_name\" content=\"Pracownia Orange Jaraczewo\" \/>\n<meta property=\"article:modified_time\" content=\"2024-06-22T12:56:36+00:00\" \/>\n<meta property=\"og:image\" content=\"https:\/\/pracownieorange.pl\/app\/uploads\/sites\/103\/2024\/06\/448311458_824338542605233_2888155193342238549_n.jpg\" \/>\n\t<meta property=\"og:image:width\" content=\"1500\" \/>\n\t<meta property=\"og:image:height\" content=\"2000\" \/>\n\t<meta property=\"og:image:type\" content=\"image\/jpeg\" \/>\n<meta name=\"twitter:card\" content=\"summary_large_image\" \/>\n<meta name=\"twitter:label1\" content=\"Est. reading time\" \/>\n\t<meta name=\"twitter:data1\" content=\"2 minuty\" \/>\n<script type=\"application\/ld+json\" class=\"yoast-schema-graph\">{\"@context\":\"https:\/\/schema.org\",\"@graph\":[{\"@type\":\"WebPage\",\"@id\":\"https:\/\/pracownieorange.pl\/jaraczewo\/script\/wasy-z-narzedziem-na-dzien-taty\/\",\"url\":\"https:\/\/pracownieorange.pl\/jaraczewo\/script\/wasy-z-narzedziem-na-dzien-taty\/\",\"name\":\"W\u0105sy z narz\u0119dziem na Dzie\u0144 Taty - Pracownia Orange Jaraczewo\",\"isPartOf\":{\"@id\":\"https:\/\/pracownieorange.pl\/jaraczewo\/#website\"},\"primaryImageOfPage\":{\"@id\":\"https:\/\/pracownieorange.pl\/jaraczewo\/script\/wasy-z-narzedziem-na-dzien-taty\/#primaryimage\"},\"image\":{\"@id\":\"https:\/\/pracownieorange.pl\/jaraczewo\/script\/wasy-z-narzedziem-na-dzien-taty\/#primaryimage\"},\"thumbnailUrl\":\"https:\/\/pracownieorange.pl\/app\/uploads\/sites\/103\/2024\/06\/448311458_824338542605233_2888155193342238549_n.jpg\",\"datePublished\":\"2024-06-20T11:16:27+00:00\",\"dateModified\":\"2024-06-22T12:56:36+00:00\",\"breadcrumb\":{\"@id\":\"https:\/\/pracownieorange.pl\/jaraczewo\/script\/wasy-z-narzedziem-na-dzien-taty\/#breadcrumb\"},\"inLanguage\":\"pl-PL\",\"potentialAction\":[{\"@type\":\"ReadAction\",\"target\":[\"https:\/\/pracownieorange.pl\/jaraczewo\/script\/wasy-z-narzedziem-na-dzien-taty\/\"]}]},{\"@type\":\"ImageObject\",\"inLanguage\":\"pl-PL\",\"@id\":\"https:\/\/pracownieorange.pl\/jaraczewo\/script\/wasy-z-narzedziem-na-dzien-taty\/#primaryimage\",\"url\":\"https:\/\/pracownieorange.pl\/app\/uploads\/sites\/103\/2024\/06\/448311458_824338542605233_2888155193342238549_n.jpg\",\"contentUrl\":\"https:\/\/pracownieorange.pl\/app\/uploads\/sites\/103\/2024\/06\/448311458_824338542605233_2888155193342238549_n.jpg\",\"width\":1500,\"height\":2000,\"caption\":\"Elementy do wykonania zawieszki.\"},{\"@type\":\"BreadcrumbList\",\"@id\":\"https:\/\/pracownieorange.pl\/jaraczewo\/script\/wasy-z-narzedziem-na-dzien-taty\/#breadcrumb\",\"itemListElement\":[{\"@type\":\"ListItem\",\"position\":1,\"name\":\"Home\",\"item\":\"https:\/\/pracownieorange.pl\/jaraczewo\/\"},{\"@type\":\"ListItem\",\"position\":2,\"name\":\"Scenariusze\",\"item\":\"https:\/\/pracownieorange.pl\/jaraczewo\/script\/\"},{\"@type\":\"ListItem\",\"position\":3,\"name\":\"W\u0105sy z narz\u0119dziem na Dzie\u0144 Taty\"}]},{\"@type\":\"WebSite\",\"@id\":\"https:\/\/pracownieorange.pl\/jaraczewo\/#website\",\"url\":\"https:\/\/pracownieorange.pl\/jaraczewo\/\",\"name\":\"Pracownia Orange Jaraczewo\",\"description\":\"\",\"potentialAction\":[{\"@type\":\"SearchAction\",\"target\":{\"@type\":\"EntryPoint\",\"urlTemplate\":\"https:\/\/pracownieorange.pl\/jaraczewo\/?s={search_term_string}\"},\"query-input\":{\"@type\":\"PropertyValueSpecification\",\"valueRequired\":true,\"valueName\":\"search_term_string\"}}],\"inLanguage\":\"pl-PL\"}]}<\/script>\n<!-- \/ Yoast SEO plugin. -->","yoast_head_json":{"title":"W\u0105sy z narz\u0119dziem na Dzie\u0144 Taty - Pracownia Orange Jaraczewo","robots":{"index":"index","follow":"follow","max-snippet":"max-snippet:-1","max-image-preview":"max-image-preview:large","max-video-preview":"max-video-preview:-1"},"canonical":"https:\/\/pracownieorange.pl\/jaraczewo\/script\/wasy-z-narzedziem-na-dzien-taty\/","og_locale":"pl_PL","og_type":"article","og_title":"W\u0105sy z narz\u0119dziem na Dzie\u0144 Taty - Pracownia Orange Jaraczewo","og_description":"Warsztaty na Dzie\u0144 Taty Zaj\u0119cia skierowane s\u0105 dla uczni\u00f3w klas [&hellip;]","og_url":"https:\/\/pracownieorange.pl\/jaraczewo\/script\/wasy-z-narzedziem-na-dzien-taty\/","og_site_name":"Pracownia Orange Jaraczewo","article_modified_time":"2024-06-22T12:56:36+00:00","og_image":[{"width":1500,"height":2000,"url":"https:\/\/pracownieorange.pl\/app\/uploads\/sites\/103\/2024\/06\/448311458_824338542605233_2888155193342238549_n.jpg","type":"image\/jpeg"}],"twitter_card":"summary_large_image","twitter_misc":{"Est. reading time":"2 minuty"},"schema":{"@context":"https:\/\/schema.org","@graph":[{"@type":"WebPage","@id":"https:\/\/pracownieorange.pl\/jaraczewo\/script\/wasy-z-narzedziem-na-dzien-taty\/","url":"https:\/\/pracownieorange.pl\/jaraczewo\/script\/wasy-z-narzedziem-na-dzien-taty\/","name":"W\u0105sy z narz\u0119dziem na Dzie\u0144 Taty - Pracownia Orange Jaraczewo","isPartOf":{"@id":"https:\/\/pracownieorange.pl\/jaraczewo\/#website"},"primaryImageOfPage":{"@id":"https:\/\/pracownieorange.pl\/jaraczewo\/script\/wasy-z-narzedziem-na-dzien-taty\/#primaryimage"},"image":{"@id":"https:\/\/pracownieorange.pl\/jaraczewo\/script\/wasy-z-narzedziem-na-dzien-taty\/#primaryimage"},"thumbnailUrl":"https:\/\/pracownieorange.pl\/app\/uploads\/sites\/103\/2024\/06\/448311458_824338542605233_2888155193342238549_n.jpg","datePublished":"2024-06-20T11:16:27+00:00","dateModified":"2024-06-22T12:56:36+00:00","breadcrumb":{"@id":"https:\/\/pracownieorange.pl\/jaraczewo\/script\/wasy-z-narzedziem-na-dzien-taty\/#breadcrumb"},"inLanguage":"pl-PL","potentialAction":[{"@type":"ReadAction","target":["https:\/\/pracownieorange.pl\/jaraczewo\/script\/wasy-z-narzedziem-na-dzien-taty\/"]}]},{"@type":"ImageObject","inLanguage":"pl-PL","@id":"https:\/\/pracownieorange.pl\/jaraczewo\/script\/wasy-z-narzedziem-na-dzien-taty\/#primaryimage","url":"https:\/\/pracownieorange.pl\/app\/uploads\/sites\/103\/2024\/06\/448311458_824338542605233_2888155193342238549_n.jpg","contentUrl":"https:\/\/pracownieorange.pl\/app\/uploads\/sites\/103\/2024\/06\/448311458_824338542605233_2888155193342238549_n.jpg","width":1500,"height":2000,"caption":"Elementy do wykonania zawieszki."},{"@type":"BreadcrumbList","@id":"https:\/\/pracownieorange.pl\/jaraczewo\/script\/wasy-z-narzedziem-na-dzien-taty\/#breadcrumb","itemListElement":[{"@type":"ListItem","position":1,"name":"Home","item":"https:\/\/pracownieorange.pl\/jaraczewo\/"},{"@type":"ListItem","position":2,"name":"Scenariusze","item":"https:\/\/pracownieorange.pl\/jaraczewo\/script\/"},{"@type":"ListItem","position":3,"name":"W\u0105sy z narz\u0119dziem na Dzie\u0144 Taty"}]},{"@type":"WebSite","@id":"https:\/\/pracownieorange.pl\/jaraczewo\/#website","url":"https:\/\/pracownieorange.pl\/jaraczewo\/","name":"Pracownia Orange Jaraczewo","description":"","potentialAction":[{"@type":"SearchAction","target":{"@type":"EntryPoint","urlTemplate":"https:\/\/pracownieorange.pl\/jaraczewo\/?s={search_term_string}"},"query-input":{"@type":"PropertyValueSpecification","valueRequired":true,"valueName":"search_term_string"}}],"inLanguage":"pl-PL"}]}},"_links":{"self":[{"href":"https:\/\/pracownieorange.pl\/jaraczewo\/wp-json\/wp\/v2\/script\/596","targetHints":{"allow":["GET"]}}],"collection":[{"href":"https:\/\/pracownieorange.pl\/jaraczewo\/wp-json\/wp\/v2\/script"}],"about":[{"href":"https:\/\/pracownieorange.pl\/jaraczewo\/wp-json\/wp\/v2\/types\/script"}],"replies":[{"embeddable":true,"href":"https:\/\/pracownieorange.pl\/jaraczewo\/wp-json\/wp\/v2\/comments?post=596"}],"wp:featuredmedia":[{"embeddable":true,"href":"https:\/\/pracownieorange.pl\/jaraczewo\/wp-json\/wp\/v2\/media\/592"}],"wp:attachment":[{"href":"https:\/\/pracownieorange.pl\/jaraczewo\/wp-json\/wp\/v2\/media?parent=596"}],"curies":[{"name":"wp","href":"https:\/\/api.w.org\/{rel}","templated":true}]}}