

{"id":368,"date":"2023-10-30T13:05:06","date_gmt":"2023-10-30T12:05:06","guid":{"rendered":"https:\/\/pracownieorange.pl\/chmielno\/?post_type=challange&#038;p=368"},"modified":"2023-10-30T13:05:06","modified_gmt":"2023-10-30T12:05:06","slug":"dzien-kundelka","status":"publish","type":"challange","link":"https:\/\/pracownieorange.pl\/chmielno\/challange\/dzien-kundelka\/","title":{"rendered":"Dzie\u0144 Kundelka"},"content":{"rendered":"<p>Dzie\u0144 Kundelka w naszej Pracowni Orange by\u0142 wyj\u0105tkowy i pe\u0142en kreatywno\u015bci! Dla naszych najm\u0142odszych uczestnik\u00f3w przygotowali\u015bmy wyj\u0105tkowe zaj\u0119cia, podczas kt\u00f3rych mogli rozwija\u0107 swoje artystyczne talenty oraz dowiedzie\u0107 si\u0119 wi\u0119cej o naszych futerkowych przyjacio\u0142ach. Podczas tych wyj\u0105tkowych zaj\u0119\u0107 dzieci mia\u0142y okazj\u0119 tworzy\u0107 pi\u0119kne portrety swoich ulubionych piesk\u00f3w. Kredki, farby i papier stworzy\u0142y p\u0142aszczyzn\u0119 do wyra\u017cania ich mi\u0142o\u015bci do zwierz\u0105t. To by\u0142a doskona\u0142a okazja, by pokaza\u0107 kreatywno\u015b\u0107 i wyobra\u017ani\u0119. Po zako\u0144czeniu zaj\u0119\u0107 artystycznych przeprowadzili\u015bmy kr\u00f3tk\u0105 dyskusj\u0119 na temat kundelk\u00f3w. Dzieci dowiedzia\u0142y si\u0119, jak wa\u017cna jest troska o zwierz\u0119ta i jakie znaczenie ma adopcja ze schronisk. To by\u0142a doskona\u0142a okazja, by edukowa\u0107 m\u0142odsze pokolenia na temat odpowiedzialno\u015bci wobec zwierz\u0105t. Niezwykle wa\u017cne jest, \u017ce w ostatnim czasie przeprowadzili\u015bmy zbi\u00f3rk\u0119 na rzecz schroniska. Dzi\u0119ki hojno\u015bci naszej spo\u0142eczno\u015bci, mo\u017cemy pomaga\u0107 tym zwierzakom, kt\u00f3rzy potrzebuj\u0105 wsparcia. Dzie\u0144 Kundelka by\u0142 dla nas nie tylko okazj\u0105 do zabawy, ale tak\u017ce do zjednoczenia si\u0119 w imi\u0119 dobra i troski o naszych czworono\u017cnych przyjaci\u00f3\u0142. Dzi\u0119kujemy wszystkim, kt\u00f3rzy przyczynili si\u0119 do sukcesu tych wydarze\u0144!<\/p>\n","protected":false},"featured_media":370,"template":"","class_list":["post-368","challange","type-challange","status-publish","has-post-thumbnail","hentry"],"acf":[],"yoast_head":"<!-- This site is optimized with the Yoast SEO plugin v24.5 - https:\/\/yoast.com\/wordpress\/plugins\/seo\/ -->\n<title>Dzie\u0144 Kundelka - Pracownia Orange Chmielno<\/title>\n<meta name=\"robots\" content=\"index, follow, max-snippet:-1, max-image-preview:large, max-video-preview:-1\" \/>\n<link rel=\"canonical\" href=\"https:\/\/pracownieorange.pl\/chmielno\/challange\/dzien-kundelka\/\" \/>\n<meta property=\"og:locale\" content=\"pl_PL\" \/>\n<meta property=\"og:type\" content=\"article\" \/>\n<meta property=\"og:title\" content=\"Dzie\u0144 Kundelka - Pracownia Orange Chmielno\" \/>\n<meta property=\"og:description\" content=\"Dzie\u0144 Kundelka w naszej Pracowni Orange by\u0142 wyj\u0105tkowy i pe\u0142en [&hellip;]\" \/>\n<meta property=\"og:url\" content=\"https:\/\/pracownieorange.pl\/chmielno\/challange\/dzien-kundelka\/\" \/>\n<meta property=\"og:site_name\" content=\"Pracownia Orange Chmielno\" \/>\n<meta property=\"og:image\" content=\"https:\/\/pracownieorange.pl\/app\/uploads\/sites\/87\/2023\/10\/385531072_703198335068241_1258509103678795152_n.jpg\" \/>\n\t<meta property=\"og:image:width\" content=\"1153\" \/>\n\t<meta property=\"og:image:height\" content=\"2048\" \/>\n\t<meta property=\"og:image:type\" content=\"image\/jpeg\" \/>\n<meta name=\"twitter:card\" content=\"summary_large_image\" \/>\n<meta name=\"twitter:label1\" content=\"Est. reading time\" \/>\n\t<meta name=\"twitter:data1\" content=\"1 minuta\" \/>\n<script type=\"application\/ld+json\" class=\"yoast-schema-graph\">{\"@context\":\"https:\/\/schema.org\",\"@graph\":[{\"@type\":\"WebPage\",\"@id\":\"https:\/\/pracownieorange.pl\/chmielno\/challange\/dzien-kundelka\/\",\"url\":\"https:\/\/pracownieorange.pl\/chmielno\/challange\/dzien-kundelka\/\",\"name\":\"Dzie\u0144 Kundelka - Pracownia Orange Chmielno\",\"isPartOf\":{\"@id\":\"https:\/\/pracownieorange.pl\/chmielno\/#website\"},\"primaryImageOfPage\":{\"@id\":\"https:\/\/pracownieorange.pl\/chmielno\/challange\/dzien-kundelka\/#primaryimage\"},\"image\":{\"@id\":\"https:\/\/pracownieorange.pl\/chmielno\/challange\/dzien-kundelka\/#primaryimage\"},\"thumbnailUrl\":\"https:\/\/pracownieorange.pl\/app\/uploads\/sites\/87\/2023\/10\/385531072_703198335068241_1258509103678795152_n.jpg\",\"datePublished\":\"2023-10-30T12:05:06+00:00\",\"breadcrumb\":{\"@id\":\"https:\/\/pracownieorange.pl\/chmielno\/challange\/dzien-kundelka\/#breadcrumb\"},\"inLanguage\":\"pl-PL\",\"potentialAction\":[{\"@type\":\"ReadAction\",\"target\":[\"https:\/\/pracownieorange.pl\/chmielno\/challange\/dzien-kundelka\/\"]}]},{\"@type\":\"ImageObject\",\"inLanguage\":\"pl-PL\",\"@id\":\"https:\/\/pracownieorange.pl\/chmielno\/challange\/dzien-kundelka\/#primaryimage\",\"url\":\"https:\/\/pracownieorange.pl\/app\/uploads\/sites\/87\/2023\/10\/385531072_703198335068241_1258509103678795152_n.jpg\",\"contentUrl\":\"https:\/\/pracownieorange.pl\/app\/uploads\/sites\/87\/2023\/10\/385531072_703198335068241_1258509103678795152_n.jpg\",\"width\":1153,\"height\":2048,\"caption\":\"Dzieci siedz\u0105ce wok\u00f3\u0142 sto\u0142u przygotowuj\u0105ce si\u0119 do tworzenia portret\u00f3w psiak\u00f3w\"},{\"@type\":\"BreadcrumbList\",\"@id\":\"https:\/\/pracownieorange.pl\/chmielno\/challange\/dzien-kundelka\/#breadcrumb\",\"itemListElement\":[{\"@type\":\"ListItem\",\"position\":1,\"name\":\"Home\",\"item\":\"https:\/\/pracownieorange.pl\/chmielno\/\"},{\"@type\":\"ListItem\",\"position\":2,\"name\":\"Relacje\",\"item\":\"https:\/\/pracownieorange.pl\/chmielno\/challange\/\"},{\"@type\":\"ListItem\",\"position\":3,\"name\":\"Dzie\u0144 Kundelka\"}]},{\"@type\":\"WebSite\",\"@id\":\"https:\/\/pracownieorange.pl\/chmielno\/#website\",\"url\":\"https:\/\/pracownieorange.pl\/chmielno\/\",\"name\":\"Pracownia Orange Chmielno\",\"description\":\"Kolejna witryna sieci \u201ePracownie Orange\u201d\",\"potentialAction\":[{\"@type\":\"SearchAction\",\"target\":{\"@type\":\"EntryPoint\",\"urlTemplate\":\"https:\/\/pracownieorange.pl\/chmielno\/?s={search_term_string}\"},\"query-input\":{\"@type\":\"PropertyValueSpecification\",\"valueRequired\":true,\"valueName\":\"search_term_string\"}}],\"inLanguage\":\"pl-PL\"}]}<\/script>\n<!-- \/ Yoast SEO plugin. -->","yoast_head_json":{"title":"Dzie\u0144 Kundelka - Pracownia Orange Chmielno","robots":{"index":"index","follow":"follow","max-snippet":"max-snippet:-1","max-image-preview":"max-image-preview:large","max-video-preview":"max-video-preview:-1"},"canonical":"https:\/\/pracownieorange.pl\/chmielno\/challange\/dzien-kundelka\/","og_locale":"pl_PL","og_type":"article","og_title":"Dzie\u0144 Kundelka - Pracownia Orange Chmielno","og_description":"Dzie\u0144 Kundelka w naszej Pracowni Orange by\u0142 wyj\u0105tkowy i pe\u0142en [&hellip;]","og_url":"https:\/\/pracownieorange.pl\/chmielno\/challange\/dzien-kundelka\/","og_site_name":"Pracownia Orange Chmielno","og_image":[{"width":1153,"height":2048,"url":"https:\/\/pracownieorange.pl\/app\/uploads\/sites\/87\/2023\/10\/385531072_703198335068241_1258509103678795152_n.jpg","type":"image\/jpeg"}],"twitter_card":"summary_large_image","twitter_misc":{"Est. reading time":"1 minuta"},"schema":{"@context":"https:\/\/schema.org","@graph":[{"@type":"WebPage","@id":"https:\/\/pracownieorange.pl\/chmielno\/challange\/dzien-kundelka\/","url":"https:\/\/pracownieorange.pl\/chmielno\/challange\/dzien-kundelka\/","name":"Dzie\u0144 Kundelka - Pracownia Orange Chmielno","isPartOf":{"@id":"https:\/\/pracownieorange.pl\/chmielno\/#website"},"primaryImageOfPage":{"@id":"https:\/\/pracownieorange.pl\/chmielno\/challange\/dzien-kundelka\/#primaryimage"},"image":{"@id":"https:\/\/pracownieorange.pl\/chmielno\/challange\/dzien-kundelka\/#primaryimage"},"thumbnailUrl":"https:\/\/pracownieorange.pl\/app\/uploads\/sites\/87\/2023\/10\/385531072_703198335068241_1258509103678795152_n.jpg","datePublished":"2023-10-30T12:05:06+00:00","breadcrumb":{"@id":"https:\/\/pracownieorange.pl\/chmielno\/challange\/dzien-kundelka\/#breadcrumb"},"inLanguage":"pl-PL","potentialAction":[{"@type":"ReadAction","target":["https:\/\/pracownieorange.pl\/chmielno\/challange\/dzien-kundelka\/"]}]},{"@type":"ImageObject","inLanguage":"pl-PL","@id":"https:\/\/pracownieorange.pl\/chmielno\/challange\/dzien-kundelka\/#primaryimage","url":"https:\/\/pracownieorange.pl\/app\/uploads\/sites\/87\/2023\/10\/385531072_703198335068241_1258509103678795152_n.jpg","contentUrl":"https:\/\/pracownieorange.pl\/app\/uploads\/sites\/87\/2023\/10\/385531072_703198335068241_1258509103678795152_n.jpg","width":1153,"height":2048,"caption":"Dzieci siedz\u0105ce wok\u00f3\u0142 sto\u0142u przygotowuj\u0105ce si\u0119 do tworzenia portret\u00f3w psiak\u00f3w"},{"@type":"BreadcrumbList","@id":"https:\/\/pracownieorange.pl\/chmielno\/challange\/dzien-kundelka\/#breadcrumb","itemListElement":[{"@type":"ListItem","position":1,"name":"Home","item":"https:\/\/pracownieorange.pl\/chmielno\/"},{"@type":"ListItem","position":2,"name":"Relacje","item":"https:\/\/pracownieorange.pl\/chmielno\/challange\/"},{"@type":"ListItem","position":3,"name":"Dzie\u0144 Kundelka"}]},{"@type":"WebSite","@id":"https:\/\/pracownieorange.pl\/chmielno\/#website","url":"https:\/\/pracownieorange.pl\/chmielno\/","name":"Pracownia Orange Chmielno","description":"Kolejna witryna sieci \u201ePracownie Orange\u201d","potentialAction":[{"@type":"SearchAction","target":{"@type":"EntryPoint","urlTemplate":"https:\/\/pracownieorange.pl\/chmielno\/?s={search_term_string}"},"query-input":{"@type":"PropertyValueSpecification","valueRequired":true,"valueName":"search_term_string"}}],"inLanguage":"pl-PL"}]}},"_links":{"self":[{"href":"https:\/\/pracownieorange.pl\/chmielno\/wp-json\/wp\/v2\/challange\/368","targetHints":{"allow":["GET"]}}],"collection":[{"href":"https:\/\/pracownieorange.pl\/chmielno\/wp-json\/wp\/v2\/challange"}],"about":[{"href":"https:\/\/pracownieorange.pl\/chmielno\/wp-json\/wp\/v2\/types\/challange"}],"wp:featuredmedia":[{"embeddable":true,"href":"https:\/\/pracownieorange.pl\/chmielno\/wp-json\/wp\/v2\/media\/370"}],"wp:attachment":[{"href":"https:\/\/pracownieorange.pl\/chmielno\/wp-json\/wp\/v2\/media?parent=368"}],"curies":[{"name":"wp","href":"https:\/\/api.w.org\/{rel}","templated":true}]}}