

{"id":82,"date":"2024-02-29T20:18:47","date_gmt":"2024-02-29T19:18:47","guid":{"rendered":"https:\/\/pracownieorange.pl\/brodnica-2\/?post_type=challange&#038;p=82"},"modified":"2024-02-29T21:01:49","modified_gmt":"2024-02-29T20:01:49","slug":"swiatu-sa-potrzebne-liderki-liderzy-organizacje-spoleczne-swietujemy-dzien-ngo-w-brodnickiej-pracowni","status":"publish","type":"challange","link":"https:\/\/pracownieorange.pl\/brodnica-2\/challange\/swiatu-sa-potrzebne-liderki-liderzy-organizacje-spoleczne-swietujemy-dzien-ngo-w-brodnickiej-pracowni\/","title":{"rendered":"\u015awiatu s\u0105 potrzebne liderki, liderzy, organizacje spo\u0142eczne &#8211; \u015bwi\u0119tujemy Dzie\u0144 NGO w brodnickiej Pracowni"},"content":{"rendered":"<p>27 i 28 lutego spotkali\u015bmy si\u0119, by \u015bwi\u0119towa\u0107 DZIE\u0143 ORGANIZACJI POZARZ\u0104DOWYCH w brodnickiej Pracowni Orange.<\/p>\n<p>Jednego dnia spotkali\u015bmy si\u0119 z seniorami, drugiego \u2013 z m\u0142odzie\u017c\u0105. Spotkania by\u0142y okazj\u0105 do poznania specyfiki, obszar\u00f3w dzia\u0142ania lokalnych organizacji, kt\u00f3re s\u0105 zakorzenione w naszej spo\u0142eczno\u015bci, kt\u00f3re realizuj\u0105 wiele cennych inicjatyw. Wiele pyta\u0144 pad\u0142o i ciekawych odpowiedzi. Zastanawiali\u015bmy si\u0119, co wnosz\u0105 organizacje spo\u0142eczne do naszego \u017cycia? naszych spo\u0142eczno\u015bci? Po co nam NGOsy? Jakie znaczenie ma praca spo\u0142eczna? Co nas motywuje do dzia\u0142ania? Czy wolontariat op\u0142aca si\u0119 \u015bwiatu? Jakie mamy pasje i zainteresowania?<\/p>\n<p>Nasz\u0105 Go\u015bcini\u0105 by\u0142a: <u>Monika Buli\u0144ska<\/u> &#8211; dyrektor Biura Unii Gospodarczej Regionu \u015aremskiego &#8211; \u015aremski O\u015brodek Wspierania Ma\u0142ej Przedsi\u0119biorczo\u015bci; dzia\u0142aczka spo\u0142eczna, doradczyni, liderka spo\u0142eczna, tw\u00f3rczyni projekt\u00f3w lokalnych; cz\u0142onkini m.in. Stowarzyszenia Mi\u0142o\u015bnik\u00f3w Dziedzictwa Narodowego im. gen. J\u00f3zefa Wybickiego; przyjaci\u00f3\u0142ka Brodnicy i gminy Brodnica.<\/p>\n<p>Ka\u017cda gmina i ka\u017cda miejscowo\u015b\u0107 to dom, w kt\u00f3rym mieszkaj\u0105 ludzie maj\u0105cy swoje w\u0142asne potrzeby. Cz\u0119\u015b\u0107 z tych potrzeb \u201eza\u0142atwiaj\u0105\u201d nam gospodarze domu \u2013 burmistrzowie, w\u00f3jtowie, radni, so\u0142tysi, itp., ale realizacj\u0119 cz\u0119\u015bci z nich bior\u0105 na ramiona mieszka\u0144cy. Dla okre\u015blonych spraw (czy te\u017c z ch\u0119ci realizacji r\u00f3\u017cnych pasji) wyznaczaj\u0105 cel, zbieraj\u0105 \u015brodki, dziel\u0105 si\u0119 obowi\u0105zkami i realizuj\u0105 dzia\u0142ania. Cz\u0119sto tym dzia\u0142aniem zara\u017caj\u0105 kolejne osoby z bliskiego i dalszego kr\u0119gu, formalizuj\u0105 swoj\u0105 grup\u0119 i zak\u0142adaj\u0105 np. stowarzyszenia\/ fundacje, kt\u00f3re s\u0105 partnerem spo\u0142ecznym dla gospodarzy i pomostem mi\u0119dzy spo\u0142eczno\u015bci\u0105 lokaln\u0105 a gmin\u0105. Wszystko, co czyni\u0105 jest bardzo wa\u017cne i jest najwi\u0119ksz\u0105 warto\u015bci\u0105 dodan\u0105 w rozwoju spo\u0142ecznej przedsi\u0119biorczo\u015bci. Na terenie gminy Brodnica jest kilkana\u015bcie organizacji, kt\u00f3re aktywnie dzia\u0142aj\u0105 jak np. ko\u0142a gospody\u0144 wiejskich, jednostki OSP, Stowarzyszenie Mi\u0142o\u015bnik\u00f3w Dziedzictwa Narodowego im. gen. J\u00f3zefa Wybickiego, Towarzystwo Mi\u0142o\u015bnik\u00f3w Ziemi Brodnickiej \u201eGniazdo\u201d czy Fundacja EduSen.<\/p>\n<p><strong>Jeste\u015bmy z Monik\u0105 wdzi\u0119czne za wsp\u00f3lne warsztaty, rozmowy, u\u015bmiechy, \u201ekulanie\u201d kostkami \u2026 \u00a0i wniesione pomys\u0142y. Dzi\u0119kujemy szczeg\u00f3lnie naszej brodnickiej m\u0142odzie\u017cy za otwarto\u015b\u0107, podzielenie si\u0119 swoimi pasjami, a tak\u017ce podanie kilku \u201eprzepis\u00f3w\u201d na adaptacj\u0119 przestrzeni publicznej oraz organizacj\u0119 imprez. <\/strong><\/p>\n<p><strong>Z tak\u0105 energi\u0105 b\u0119dzie si\u0119 wkr\u00f3tce dzia\u0142o! <\/strong>Cz\u0119\u015b\u0107 z m\u0142odych ludzi ju\u017c stawia pierwsze kroki w realizacji dzia\u0142a\u0144 dla swoich r\u00f3wie\u015bnik\u00f3w. To bardzo wa\u017cne, aby ws\u0142uchiwa\u0107 si\u0119 w g\u0142os mieszka\u0144c\u00f3w, kt\u00f3rzy znaj\u0105 swoje otoczenie najlepiej. W\u00f3wczas realizacja projekt\u00f3w jest zgodna z ich potrzebami, a oni sami czuj\u0105 si\u0119 wa\u017cn\u0105 cz\u0119\u015bci\u0105 tego du\u017cego domu.<\/p>\n<p>I korzystaj\u0105c, sk\u0142adamy wszystkim dzia\u0142aczkom i dzia\u0142aczom, wolontariuszom, liderom spo\u0142ecznym &#8211; du\u017co wytrwa\u0142o\u015bci i rado\u015bci, aby Wasza pasja, praca spo\u0142eczna rozwija\u0142a Wasze supermoce i spo\u0142eczno\u015bci, w kt\u00f3rych jeste\u015bcie obecni!<\/p>\n<p><strong>R\u00f3bcie, r\u00f3bmy DOBRO. Dbajcie, dbajmy o sw\u00f3j dobrostan !<\/strong><\/p>\n<p>Pozdrawiamy!<\/p>\n<p>Gosia\u00a0 i Monika<\/p>\n<p>&nbsp;<\/p>\n","protected":false},"featured_media":85,"template":"","class_list":["post-82","challange","type-challange","status-publish","has-post-thumbnail","hentry"],"acf":[],"yoast_head":"<!-- This site is optimized with the Yoast SEO plugin v24.5 - https:\/\/yoast.com\/wordpress\/plugins\/seo\/ -->\n<title>\u015awiatu s\u0105 potrzebne liderki, liderzy, organizacje spo\u0142eczne - \u015bwi\u0119tujemy Dzie\u0144 NGO w brodnickiej Pracowni - Pracownia Orange Brodnica k. \u015aremu<\/title>\n<meta name=\"robots\" content=\"index, follow, max-snippet:-1, max-image-preview:large, max-video-preview:-1\" \/>\n<link rel=\"canonical\" href=\"https:\/\/pracownieorange.pl\/brodnica-2\/challange\/swiatu-sa-potrzebne-liderki-liderzy-organizacje-spoleczne-swietujemy-dzien-ngo-w-brodnickiej-pracowni\/\" \/>\n<meta property=\"og:locale\" content=\"pl_PL\" \/>\n<meta property=\"og:type\" content=\"article\" \/>\n<meta property=\"og:title\" content=\"\u015awiatu s\u0105 potrzebne liderki, liderzy, organizacje spo\u0142eczne - \u015bwi\u0119tujemy Dzie\u0144 NGO w brodnickiej Pracowni - Pracownia Orange Brodnica k. \u015aremu\" \/>\n<meta property=\"og:description\" content=\"27 i 28 lutego spotkali\u015bmy si\u0119, by \u015bwi\u0119towa\u0107 DZIE\u0143 ORGANIZACJI [&hellip;]\" \/>\n<meta property=\"og:url\" content=\"https:\/\/pracownieorange.pl\/brodnica-2\/challange\/swiatu-sa-potrzebne-liderki-liderzy-organizacje-spoleczne-swietujemy-dzien-ngo-w-brodnickiej-pracowni\/\" \/>\n<meta property=\"og:site_name\" content=\"Pracownia Orange Brodnica k. \u015aremu\" \/>\n<meta property=\"article:modified_time\" content=\"2024-02-29T20:01:49+00:00\" \/>\n<meta property=\"og:image\" content=\"https:\/\/pracownieorange.pl\/app\/uploads\/sites\/115\/2024\/02\/IMG-20240229-WA0015.jpg\" \/>\n\t<meta property=\"og:image:width\" content=\"900\" \/>\n\t<meta property=\"og:image:height\" content=\"1600\" \/>\n\t<meta property=\"og:image:type\" content=\"image\/jpeg\" \/>\n<meta name=\"twitter:card\" content=\"summary_large_image\" \/>\n<meta name=\"twitter:label1\" content=\"Est. reading time\" \/>\n\t<meta name=\"twitter:data1\" content=\"3 minuty\" \/>\n<script type=\"application\/ld+json\" class=\"yoast-schema-graph\">{\"@context\":\"https:\/\/schema.org\",\"@graph\":[{\"@type\":\"WebPage\",\"@id\":\"https:\/\/pracownieorange.pl\/brodnica-2\/challange\/swiatu-sa-potrzebne-liderki-liderzy-organizacje-spoleczne-swietujemy-dzien-ngo-w-brodnickiej-pracowni\/\",\"url\":\"https:\/\/pracownieorange.pl\/brodnica-2\/challange\/swiatu-sa-potrzebne-liderki-liderzy-organizacje-spoleczne-swietujemy-dzien-ngo-w-brodnickiej-pracowni\/\",\"name\":\"\u015awiatu s\u0105 potrzebne liderki, liderzy, organizacje spo\u0142eczne - \u015bwi\u0119tujemy Dzie\u0144 NGO w brodnickiej Pracowni - Pracownia Orange Brodnica k. \u015aremu\",\"isPartOf\":{\"@id\":\"https:\/\/pracownieorange.pl\/brodnica-2\/#website\"},\"primaryImageOfPage\":{\"@id\":\"https:\/\/pracownieorange.pl\/brodnica-2\/challange\/swiatu-sa-potrzebne-liderki-liderzy-organizacje-spoleczne-swietujemy-dzien-ngo-w-brodnickiej-pracowni\/#primaryimage\"},\"image\":{\"@id\":\"https:\/\/pracownieorange.pl\/brodnica-2\/challange\/swiatu-sa-potrzebne-liderki-liderzy-organizacje-spoleczne-swietujemy-dzien-ngo-w-brodnickiej-pracowni\/#primaryimage\"},\"thumbnailUrl\":\"https:\/\/pracownieorange.pl\/app\/uploads\/sites\/115\/2024\/02\/IMG-20240229-WA0015.jpg\",\"datePublished\":\"2024-02-29T19:18:47+00:00\",\"dateModified\":\"2024-02-29T20:01:49+00:00\",\"breadcrumb\":{\"@id\":\"https:\/\/pracownieorange.pl\/brodnica-2\/challange\/swiatu-sa-potrzebne-liderki-liderzy-organizacje-spoleczne-swietujemy-dzien-ngo-w-brodnickiej-pracowni\/#breadcrumb\"},\"inLanguage\":\"pl-PL\",\"potentialAction\":[{\"@type\":\"ReadAction\",\"target\":[\"https:\/\/pracownieorange.pl\/brodnica-2\/challange\/swiatu-sa-potrzebne-liderki-liderzy-organizacje-spoleczne-swietujemy-dzien-ngo-w-brodnickiej-pracowni\/\"]}]},{\"@type\":\"ImageObject\",\"inLanguage\":\"pl-PL\",\"@id\":\"https:\/\/pracownieorange.pl\/brodnica-2\/challange\/swiatu-sa-potrzebne-liderki-liderzy-organizacje-spoleczne-swietujemy-dzien-ngo-w-brodnickiej-pracowni\/#primaryimage\",\"url\":\"https:\/\/pracownieorange.pl\/app\/uploads\/sites\/115\/2024\/02\/IMG-20240229-WA0015.jpg\",\"contentUrl\":\"https:\/\/pracownieorange.pl\/app\/uploads\/sites\/115\/2024\/02\/IMG-20240229-WA0015.jpg\",\"width\":900,\"height\":1600,\"caption\":\"Kolorowe zdj\u0119cie sto\u0142u, na kt\u00f3rym le\u017c\u0105 bia\u0142e kartki. Na jednej z nich jest napis \u015awi\u0119tujemy Dzie\u0144 NGO.\"},{\"@type\":\"BreadcrumbList\",\"@id\":\"https:\/\/pracownieorange.pl\/brodnica-2\/challange\/swiatu-sa-potrzebne-liderki-liderzy-organizacje-spoleczne-swietujemy-dzien-ngo-w-brodnickiej-pracowni\/#breadcrumb\",\"itemListElement\":[{\"@type\":\"ListItem\",\"position\":1,\"name\":\"Home\",\"item\":\"https:\/\/pracownieorange.pl\/brodnica-2\/\"},{\"@type\":\"ListItem\",\"position\":2,\"name\":\"Relacje\",\"item\":\"https:\/\/pracownieorange.pl\/brodnica-2\/challange\/\"},{\"@type\":\"ListItem\",\"position\":3,\"name\":\"\u015awiatu s\u0105 potrzebne liderki, liderzy, organizacje spo\u0142eczne &#8211; \u015bwi\u0119tujemy Dzie\u0144 NGO w brodnickiej Pracowni\"}]},{\"@type\":\"WebSite\",\"@id\":\"https:\/\/pracownieorange.pl\/brodnica-2\/#website\",\"url\":\"https:\/\/pracownieorange.pl\/brodnica-2\/\",\"name\":\"Pracownia Orange Brodnica k. \u015aremu\",\"description\":\"\",\"potentialAction\":[{\"@type\":\"SearchAction\",\"target\":{\"@type\":\"EntryPoint\",\"urlTemplate\":\"https:\/\/pracownieorange.pl\/brodnica-2\/?s={search_term_string}\"},\"query-input\":{\"@type\":\"PropertyValueSpecification\",\"valueRequired\":true,\"valueName\":\"search_term_string\"}}],\"inLanguage\":\"pl-PL\"}]}<\/script>\n<!-- \/ Yoast SEO plugin. -->","yoast_head_json":{"title":"\u015awiatu s\u0105 potrzebne liderki, liderzy, organizacje spo\u0142eczne - \u015bwi\u0119tujemy Dzie\u0144 NGO w brodnickiej Pracowni - Pracownia Orange Brodnica k. \u015aremu","robots":{"index":"index","follow":"follow","max-snippet":"max-snippet:-1","max-image-preview":"max-image-preview:large","max-video-preview":"max-video-preview:-1"},"canonical":"https:\/\/pracownieorange.pl\/brodnica-2\/challange\/swiatu-sa-potrzebne-liderki-liderzy-organizacje-spoleczne-swietujemy-dzien-ngo-w-brodnickiej-pracowni\/","og_locale":"pl_PL","og_type":"article","og_title":"\u015awiatu s\u0105 potrzebne liderki, liderzy, organizacje spo\u0142eczne - \u015bwi\u0119tujemy Dzie\u0144 NGO w brodnickiej Pracowni - Pracownia Orange Brodnica k. \u015aremu","og_description":"27 i 28 lutego spotkali\u015bmy si\u0119, by \u015bwi\u0119towa\u0107 DZIE\u0143 ORGANIZACJI [&hellip;]","og_url":"https:\/\/pracownieorange.pl\/brodnica-2\/challange\/swiatu-sa-potrzebne-liderki-liderzy-organizacje-spoleczne-swietujemy-dzien-ngo-w-brodnickiej-pracowni\/","og_site_name":"Pracownia Orange Brodnica k. \u015aremu","article_modified_time":"2024-02-29T20:01:49+00:00","og_image":[{"width":900,"height":1600,"url":"https:\/\/pracownieorange.pl\/app\/uploads\/sites\/115\/2024\/02\/IMG-20240229-WA0015.jpg","type":"image\/jpeg"}],"twitter_card":"summary_large_image","twitter_misc":{"Est. reading time":"3 minuty"},"schema":{"@context":"https:\/\/schema.org","@graph":[{"@type":"WebPage","@id":"https:\/\/pracownieorange.pl\/brodnica-2\/challange\/swiatu-sa-potrzebne-liderki-liderzy-organizacje-spoleczne-swietujemy-dzien-ngo-w-brodnickiej-pracowni\/","url":"https:\/\/pracownieorange.pl\/brodnica-2\/challange\/swiatu-sa-potrzebne-liderki-liderzy-organizacje-spoleczne-swietujemy-dzien-ngo-w-brodnickiej-pracowni\/","name":"\u015awiatu s\u0105 potrzebne liderki, liderzy, organizacje spo\u0142eczne - \u015bwi\u0119tujemy Dzie\u0144 NGO w brodnickiej Pracowni - Pracownia Orange Brodnica k. \u015aremu","isPartOf":{"@id":"https:\/\/pracownieorange.pl\/brodnica-2\/#website"},"primaryImageOfPage":{"@id":"https:\/\/pracownieorange.pl\/brodnica-2\/challange\/swiatu-sa-potrzebne-liderki-liderzy-organizacje-spoleczne-swietujemy-dzien-ngo-w-brodnickiej-pracowni\/#primaryimage"},"image":{"@id":"https:\/\/pracownieorange.pl\/brodnica-2\/challange\/swiatu-sa-potrzebne-liderki-liderzy-organizacje-spoleczne-swietujemy-dzien-ngo-w-brodnickiej-pracowni\/#primaryimage"},"thumbnailUrl":"https:\/\/pracownieorange.pl\/app\/uploads\/sites\/115\/2024\/02\/IMG-20240229-WA0015.jpg","datePublished":"2024-02-29T19:18:47+00:00","dateModified":"2024-02-29T20:01:49+00:00","breadcrumb":{"@id":"https:\/\/pracownieorange.pl\/brodnica-2\/challange\/swiatu-sa-potrzebne-liderki-liderzy-organizacje-spoleczne-swietujemy-dzien-ngo-w-brodnickiej-pracowni\/#breadcrumb"},"inLanguage":"pl-PL","potentialAction":[{"@type":"ReadAction","target":["https:\/\/pracownieorange.pl\/brodnica-2\/challange\/swiatu-sa-potrzebne-liderki-liderzy-organizacje-spoleczne-swietujemy-dzien-ngo-w-brodnickiej-pracowni\/"]}]},{"@type":"ImageObject","inLanguage":"pl-PL","@id":"https:\/\/pracownieorange.pl\/brodnica-2\/challange\/swiatu-sa-potrzebne-liderki-liderzy-organizacje-spoleczne-swietujemy-dzien-ngo-w-brodnickiej-pracowni\/#primaryimage","url":"https:\/\/pracownieorange.pl\/app\/uploads\/sites\/115\/2024\/02\/IMG-20240229-WA0015.jpg","contentUrl":"https:\/\/pracownieorange.pl\/app\/uploads\/sites\/115\/2024\/02\/IMG-20240229-WA0015.jpg","width":900,"height":1600,"caption":"Kolorowe zdj\u0119cie sto\u0142u, na kt\u00f3rym le\u017c\u0105 bia\u0142e kartki. Na jednej z nich jest napis \u015awi\u0119tujemy Dzie\u0144 NGO."},{"@type":"BreadcrumbList","@id":"https:\/\/pracownieorange.pl\/brodnica-2\/challange\/swiatu-sa-potrzebne-liderki-liderzy-organizacje-spoleczne-swietujemy-dzien-ngo-w-brodnickiej-pracowni\/#breadcrumb","itemListElement":[{"@type":"ListItem","position":1,"name":"Home","item":"https:\/\/pracownieorange.pl\/brodnica-2\/"},{"@type":"ListItem","position":2,"name":"Relacje","item":"https:\/\/pracownieorange.pl\/brodnica-2\/challange\/"},{"@type":"ListItem","position":3,"name":"\u015awiatu s\u0105 potrzebne liderki, liderzy, organizacje spo\u0142eczne &#8211; \u015bwi\u0119tujemy Dzie\u0144 NGO w brodnickiej Pracowni"}]},{"@type":"WebSite","@id":"https:\/\/pracownieorange.pl\/brodnica-2\/#website","url":"https:\/\/pracownieorange.pl\/brodnica-2\/","name":"Pracownia Orange Brodnica k. \u015aremu","description":"","potentialAction":[{"@type":"SearchAction","target":{"@type":"EntryPoint","urlTemplate":"https:\/\/pracownieorange.pl\/brodnica-2\/?s={search_term_string}"},"query-input":{"@type":"PropertyValueSpecification","valueRequired":true,"valueName":"search_term_string"}}],"inLanguage":"pl-PL"}]}},"_links":{"self":[{"href":"https:\/\/pracownieorange.pl\/brodnica-2\/wp-json\/wp\/v2\/challange\/82","targetHints":{"allow":["GET"]}}],"collection":[{"href":"https:\/\/pracownieorange.pl\/brodnica-2\/wp-json\/wp\/v2\/challange"}],"about":[{"href":"https:\/\/pracownieorange.pl\/brodnica-2\/wp-json\/wp\/v2\/types\/challange"}],"wp:featuredmedia":[{"embeddable":true,"href":"https:\/\/pracownieorange.pl\/brodnica-2\/wp-json\/wp\/v2\/media\/85"}],"wp:attachment":[{"href":"https:\/\/pracownieorange.pl\/brodnica-2\/wp-json\/wp\/v2\/media?parent=82"}],"curies":[{"name":"wp","href":"https:\/\/api.w.org\/{rel}","templated":true}]}}