

{"id":53,"date":"2023-10-31T15:31:06","date_gmt":"2023-10-31T14:31:06","guid":{"rendered":"https:\/\/pracownieorange.pl\/brodnica-2\/?post_type=challange&#038;p=53"},"modified":"2023-11-03T11:29:51","modified_gmt":"2023-11-03T10:29:51","slug":"rzem-dla-klimatu-i-naszego-srodowiska","status":"publish","type":"challange","link":"https:\/\/pracownieorange.pl\/brodnica-2\/challange\/rzem-dla-klimatu-i-naszego-srodowiska\/","title":{"rendered":"R@zem dla klimatu i naszego \u015brodowiska"},"content":{"rendered":"<p>Jak Internet wp\u0142ywa na klimat i na \u015brodowisko? Co s\u0142u\u017cy klimatowi? Co wiemy o cyfrowym \u015bladzie w\u0119glowym?<\/p>\n<p><strong>W Pracowni staramy si\u0119 dba\u0107 o balans mi\u0119dzy \u015bwiatem wirtualnym a rzeczywistym, cho\u0107 nie jest to \u0142atwe. <\/strong>W sobotnie przedpo\u0142udnie (28.10.2023 r.) w kameralnym gronie rozmawiali\u015bmy w\u0142a\u015bnie o tym, jak Internet wp\u0142ywa na klimat i nasze \u015brodowisko oraz o co chodzi ze \u015bladem cyfrowym. Skorzystali\u015bmy z dost\u0119pnych scenariuszy i &#8230; \u015bwietnie si\u0119 bawili\u015bmy.<\/p>\n<p>Po pierwsze oderwali\u015bmy si\u0119 od konsoli, laptopa i kom\u00f3rki, mogli\u015bmy spojrze\u0107 na te codzienne sprz\u0119ty z innej strony i &#8230; stworzy\u0107 map\u0119 my\u015bli wok\u00f3\u0142 nich. <strong>To by\u0142 czas, by zastanowi\u0107 si\u0119, co mo\u017cemy zrobi\u0107, by minimalizowa\u0107 negatywne skutki korzystania z technologii, jak zadba\u0107\u00a0 o siebie, jak odpoczywa\u0107 nie b\u0119d\u0105c &#8222;w sieci&#8221;.<\/strong><\/p>\n<p>Naszym zamierzeniem by\u0142o roz\u0142o\u017cenie na czynniki pierwsze konsoli, telewizora i smartfona, po to by zwi\u0119kszy\u0107 przede wszystkim:<\/p>\n<ul>\n<li>\u015bwiadomo\u015b\u0107 w zakresie skutk\u00f3w produkcji sprz\u0119tu cyfrowego;<\/li>\n<li>wiedz\u0119 o e-odpadach i cyfrowym \u015bladzie w\u0119glowym.<\/li>\n<\/ul>\n<p>Nasze dzieci zdaj\u0105 sobie spraw\u0119, jak korzystanie z sieci zwi\u0119ksza zapotrzebowanie na energi\u0119; sk\u0105d ta energia si\u0119 bierze itd.<\/p>\n<p>Kredki i markery w ruch i stworzyli\u015bmy map\u0119 my\u015bli, z kt\u00f3rej p\u0142ynie jasny przekaz: wszystko to, co robimy korzystaj\u0105c ze sprz\u0119t\u00f3w (w tym wypadku skupili\u015bmy si\u0119 na konsoli, telewizorze, smartfonie) ma sens, pod warunkiem, \u017ce zachowujemy umiar; \u017ce rozumiemy procesy, jakie zachodz\u0105 mi\u0119dzy nami a \u015bwiatem wirtualnym a zewn\u0119trznym; \u017ce wa\u017cny jest cel &#8211; co zyskujemy dzi\u0119ki znajomo\u015bci obs\u0142ugi tych urz\u0105dze\u0144; co daje nam korzystanie z nich. Co mo\u017cemy robi\u0107 inaczej, lepiej, by technologie w mniejszym stopniu wp\u0142ywa\u0142y na \u015brodowisko? Odpowiedzi, kt\u00f3re pojawia\u0142y si\u0119 najcz\u0119\u015bciej:<\/p>\n<ul>\n<li>docenienie \u015brodowiska naturalnego i sp\u0119dzenie czasu wolnego aktywnie na podw\u00f3rku;<\/li>\n<li>regularny odpoczynek &#8222;od sieci&#8221; i bycia dost\u0119pnym w sieci.<\/li>\n<li>ograniczenie e-odpad\u00f3w.<\/li>\n<\/ul>\n<p>Osobi\u015bcie scenariusz bardzo mi pom\u00f3g\u0142 w przeprowadzeniu &#8222;lekcji&#8221;. Jest przyst\u0119pnie napisany, podzielony na etapy i wskazuje na bardzo przydatne linki. Podobnie drugi, po kt\u00f3ry si\u0119gn\u0119\u0142am.<\/p>\n<p>W drugiej cz\u0119\u015bci spotkania, powi\u0105zany w\u0105tek &#8211; opowie\u015b\u0107 o cyfrowym \u015bladzie w\u0119glowym. Rozmawali\u015bmy o tym, \u017ce ka\u017cde wyszukiwanie w sieci, wys\u0142any mail, ogl\u0105dane strony WWW, gry online i wideo (ogl\u0105dane, pobierane) zu\u017cywaj\u0105 energi\u0119. Uczestnicy wskazali na strony, z kt\u00f3rych korzystaj\u0105 najcz\u0119\u015bciej. Nast\u0119pnie zbadali\u015bmy, przy u\u017cyciu kalkualtora cyfrowy \u015blad w\u0119glowy.<\/p>\n<p>To by\u0142o bardzo edukacyjne do\u015bwiadczenie, r\u00f3wnie\u017c dla mnie, osoby kt\u00f3ra nie wyobra\u017ca sobie codziennej pracy bez dost\u0119pu do Internetu \ud83d\ude42<\/p>\n<p>Uwra\u017cliwienie na te kwestie jest niezwykle wa\u017cne, by wesprze\u0107 nasze \u015brodowisko i .. .robi\u0107 codziennie ma\u0142e kroki, by korzysta\u0107 z tych zasob\u00f3w racjonalnie.<\/p>\n<p>Do tej lekcji jeszcze chcia\u0142abym wr\u00f3ci\u0107 w pracy ze starsz\u0105 m\u0142odzie\u017c\u0105 i doros\u0142ymi, bo scenariusz jest nie tylko ciekawy, przyst\u0119pnie napisany, ale mo\u017ce by\u0107 zastosowany bardzo anga\u017cuj\u0105co.<\/p>\n<p>&nbsp;<\/p>\n<p>Dzi\u0119kuj\u0119 za wsp\u00f3lny czas!<\/p>\n<p>Gosia &#8211; liderka Pracowni Orange w Brodnicy<\/p>\n<p>&nbsp;<\/p>\n","protected":false},"featured_media":59,"template":"","class_list":["post-53","challange","type-challange","status-publish","has-post-thumbnail","hentry"],"acf":[],"yoast_head":"<!-- This site is optimized with the Yoast SEO plugin v24.5 - https:\/\/yoast.com\/wordpress\/plugins\/seo\/ -->\n<title>R@zem dla klimatu i naszego \u015brodowiska - Pracownia Orange Brodnica k. \u015aremu<\/title>\n<meta name=\"robots\" content=\"index, follow, max-snippet:-1, max-image-preview:large, max-video-preview:-1\" \/>\n<link rel=\"canonical\" href=\"https:\/\/pracownieorange.pl\/brodnica-2\/challange\/rzem-dla-klimatu-i-naszego-srodowiska\/\" \/>\n<meta property=\"og:locale\" content=\"pl_PL\" \/>\n<meta property=\"og:type\" content=\"article\" \/>\n<meta property=\"og:title\" content=\"R@zem dla klimatu i naszego \u015brodowiska - Pracownia Orange Brodnica k. \u015aremu\" \/>\n<meta property=\"og:description\" content=\"Jak Internet wp\u0142ywa na klimat i na \u015brodowisko? Co s\u0142u\u017cy [&hellip;]\" \/>\n<meta property=\"og:url\" content=\"https:\/\/pracownieorange.pl\/brodnica-2\/challange\/rzem-dla-klimatu-i-naszego-srodowiska\/\" \/>\n<meta property=\"og:site_name\" content=\"Pracownia Orange Brodnica k. \u015aremu\" \/>\n<meta property=\"article:modified_time\" content=\"2023-11-03T10:29:51+00:00\" \/>\n<meta property=\"og:image\" content=\"https:\/\/pracownieorange.pl\/app\/uploads\/sites\/115\/2023\/10\/0f023761-5cac-4749-b9c9-445113edab3e.jpg\" \/>\n\t<meta property=\"og:image:width\" content=\"2040\" \/>\n\t<meta property=\"og:image:height\" content=\"1536\" \/>\n\t<meta property=\"og:image:type\" content=\"image\/jpeg\" \/>\n<meta name=\"twitter:card\" content=\"summary_large_image\" \/>\n<meta name=\"twitter:label1\" content=\"Est. reading time\" \/>\n\t<meta name=\"twitter:data1\" content=\"3 minuty\" \/>\n<script type=\"application\/ld+json\" class=\"yoast-schema-graph\">{\"@context\":\"https:\/\/schema.org\",\"@graph\":[{\"@type\":\"WebPage\",\"@id\":\"https:\/\/pracownieorange.pl\/brodnica-2\/challange\/rzem-dla-klimatu-i-naszego-srodowiska\/\",\"url\":\"https:\/\/pracownieorange.pl\/brodnica-2\/challange\/rzem-dla-klimatu-i-naszego-srodowiska\/\",\"name\":\"R@zem dla klimatu i naszego \u015brodowiska - Pracownia Orange Brodnica k. \u015aremu\",\"isPartOf\":{\"@id\":\"https:\/\/pracownieorange.pl\/brodnica-2\/#website\"},\"primaryImageOfPage\":{\"@id\":\"https:\/\/pracownieorange.pl\/brodnica-2\/challange\/rzem-dla-klimatu-i-naszego-srodowiska\/#primaryimage\"},\"image\":{\"@id\":\"https:\/\/pracownieorange.pl\/brodnica-2\/challange\/rzem-dla-klimatu-i-naszego-srodowiska\/#primaryimage\"},\"thumbnailUrl\":\"https:\/\/pracownieorange.pl\/app\/uploads\/sites\/115\/2023\/10\/0f023761-5cac-4749-b9c9-445113edab3e.jpg\",\"datePublished\":\"2023-10-31T14:31:06+00:00\",\"dateModified\":\"2023-11-03T10:29:51+00:00\",\"breadcrumb\":{\"@id\":\"https:\/\/pracownieorange.pl\/brodnica-2\/challange\/rzem-dla-klimatu-i-naszego-srodowiska\/#breadcrumb\"},\"inLanguage\":\"pl-PL\",\"potentialAction\":[{\"@type\":\"ReadAction\",\"target\":[\"https:\/\/pracownieorange.pl\/brodnica-2\/challange\/rzem-dla-klimatu-i-naszego-srodowiska\/\"]}]},{\"@type\":\"ImageObject\",\"inLanguage\":\"pl-PL\",\"@id\":\"https:\/\/pracownieorange.pl\/brodnica-2\/challange\/rzem-dla-klimatu-i-naszego-srodowiska\/#primaryimage\",\"url\":\"https:\/\/pracownieorange.pl\/app\/uploads\/sites\/115\/2023\/10\/0f023761-5cac-4749-b9c9-445113edab3e.jpg\",\"contentUrl\":\"https:\/\/pracownieorange.pl\/app\/uploads\/sites\/115\/2023\/10\/0f023761-5cac-4749-b9c9-445113edab3e.jpg\",\"width\":2040,\"height\":1536,\"caption\":\"Trzy osoby siedz\u0105ce przy stole w Pracownie Orange.\"},{\"@type\":\"BreadcrumbList\",\"@id\":\"https:\/\/pracownieorange.pl\/brodnica-2\/challange\/rzem-dla-klimatu-i-naszego-srodowiska\/#breadcrumb\",\"itemListElement\":[{\"@type\":\"ListItem\",\"position\":1,\"name\":\"Home\",\"item\":\"https:\/\/pracownieorange.pl\/brodnica-2\/\"},{\"@type\":\"ListItem\",\"position\":2,\"name\":\"Relacje\",\"item\":\"https:\/\/pracownieorange.pl\/brodnica-2\/challange\/\"},{\"@type\":\"ListItem\",\"position\":3,\"name\":\"R@zem dla klimatu i naszego \u015brodowiska\"}]},{\"@type\":\"WebSite\",\"@id\":\"https:\/\/pracownieorange.pl\/brodnica-2\/#website\",\"url\":\"https:\/\/pracownieorange.pl\/brodnica-2\/\",\"name\":\"Pracownia Orange Brodnica k. \u015aremu\",\"description\":\"\",\"potentialAction\":[{\"@type\":\"SearchAction\",\"target\":{\"@type\":\"EntryPoint\",\"urlTemplate\":\"https:\/\/pracownieorange.pl\/brodnica-2\/?s={search_term_string}\"},\"query-input\":{\"@type\":\"PropertyValueSpecification\",\"valueRequired\":true,\"valueName\":\"search_term_string\"}}],\"inLanguage\":\"pl-PL\"}]}<\/script>\n<!-- \/ Yoast SEO plugin. -->","yoast_head_json":{"title":"R@zem dla klimatu i naszego \u015brodowiska - Pracownia Orange Brodnica k. \u015aremu","robots":{"index":"index","follow":"follow","max-snippet":"max-snippet:-1","max-image-preview":"max-image-preview:large","max-video-preview":"max-video-preview:-1"},"canonical":"https:\/\/pracownieorange.pl\/brodnica-2\/challange\/rzem-dla-klimatu-i-naszego-srodowiska\/","og_locale":"pl_PL","og_type":"article","og_title":"R@zem dla klimatu i naszego \u015brodowiska - Pracownia Orange Brodnica k. \u015aremu","og_description":"Jak Internet wp\u0142ywa na klimat i na \u015brodowisko? Co s\u0142u\u017cy [&hellip;]","og_url":"https:\/\/pracownieorange.pl\/brodnica-2\/challange\/rzem-dla-klimatu-i-naszego-srodowiska\/","og_site_name":"Pracownia Orange Brodnica k. \u015aremu","article_modified_time":"2023-11-03T10:29:51+00:00","og_image":[{"width":2040,"height":1536,"url":"https:\/\/pracownieorange.pl\/app\/uploads\/sites\/115\/2023\/10\/0f023761-5cac-4749-b9c9-445113edab3e.jpg","type":"image\/jpeg"}],"twitter_card":"summary_large_image","twitter_misc":{"Est. reading time":"3 minuty"},"schema":{"@context":"https:\/\/schema.org","@graph":[{"@type":"WebPage","@id":"https:\/\/pracownieorange.pl\/brodnica-2\/challange\/rzem-dla-klimatu-i-naszego-srodowiska\/","url":"https:\/\/pracownieorange.pl\/brodnica-2\/challange\/rzem-dla-klimatu-i-naszego-srodowiska\/","name":"R@zem dla klimatu i naszego \u015brodowiska - Pracownia Orange Brodnica k. \u015aremu","isPartOf":{"@id":"https:\/\/pracownieorange.pl\/brodnica-2\/#website"},"primaryImageOfPage":{"@id":"https:\/\/pracownieorange.pl\/brodnica-2\/challange\/rzem-dla-klimatu-i-naszego-srodowiska\/#primaryimage"},"image":{"@id":"https:\/\/pracownieorange.pl\/brodnica-2\/challange\/rzem-dla-klimatu-i-naszego-srodowiska\/#primaryimage"},"thumbnailUrl":"https:\/\/pracownieorange.pl\/app\/uploads\/sites\/115\/2023\/10\/0f023761-5cac-4749-b9c9-445113edab3e.jpg","datePublished":"2023-10-31T14:31:06+00:00","dateModified":"2023-11-03T10:29:51+00:00","breadcrumb":{"@id":"https:\/\/pracownieorange.pl\/brodnica-2\/challange\/rzem-dla-klimatu-i-naszego-srodowiska\/#breadcrumb"},"inLanguage":"pl-PL","potentialAction":[{"@type":"ReadAction","target":["https:\/\/pracownieorange.pl\/brodnica-2\/challange\/rzem-dla-klimatu-i-naszego-srodowiska\/"]}]},{"@type":"ImageObject","inLanguage":"pl-PL","@id":"https:\/\/pracownieorange.pl\/brodnica-2\/challange\/rzem-dla-klimatu-i-naszego-srodowiska\/#primaryimage","url":"https:\/\/pracownieorange.pl\/app\/uploads\/sites\/115\/2023\/10\/0f023761-5cac-4749-b9c9-445113edab3e.jpg","contentUrl":"https:\/\/pracownieorange.pl\/app\/uploads\/sites\/115\/2023\/10\/0f023761-5cac-4749-b9c9-445113edab3e.jpg","width":2040,"height":1536,"caption":"Trzy osoby siedz\u0105ce przy stole w Pracownie Orange."},{"@type":"BreadcrumbList","@id":"https:\/\/pracownieorange.pl\/brodnica-2\/challange\/rzem-dla-klimatu-i-naszego-srodowiska\/#breadcrumb","itemListElement":[{"@type":"ListItem","position":1,"name":"Home","item":"https:\/\/pracownieorange.pl\/brodnica-2\/"},{"@type":"ListItem","position":2,"name":"Relacje","item":"https:\/\/pracownieorange.pl\/brodnica-2\/challange\/"},{"@type":"ListItem","position":3,"name":"R@zem dla klimatu i naszego \u015brodowiska"}]},{"@type":"WebSite","@id":"https:\/\/pracownieorange.pl\/brodnica-2\/#website","url":"https:\/\/pracownieorange.pl\/brodnica-2\/","name":"Pracownia Orange Brodnica k. \u015aremu","description":"","potentialAction":[{"@type":"SearchAction","target":{"@type":"EntryPoint","urlTemplate":"https:\/\/pracownieorange.pl\/brodnica-2\/?s={search_term_string}"},"query-input":{"@type":"PropertyValueSpecification","valueRequired":true,"valueName":"search_term_string"}}],"inLanguage":"pl-PL"}]}},"_links":{"self":[{"href":"https:\/\/pracownieorange.pl\/brodnica-2\/wp-json\/wp\/v2\/challange\/53","targetHints":{"allow":["GET"]}}],"collection":[{"href":"https:\/\/pracownieorange.pl\/brodnica-2\/wp-json\/wp\/v2\/challange"}],"about":[{"href":"https:\/\/pracownieorange.pl\/brodnica-2\/wp-json\/wp\/v2\/types\/challange"}],"wp:featuredmedia":[{"embeddable":true,"href":"https:\/\/pracownieorange.pl\/brodnica-2\/wp-json\/wp\/v2\/media\/59"}],"wp:attachment":[{"href":"https:\/\/pracownieorange.pl\/brodnica-2\/wp-json\/wp\/v2\/media?parent=53"}],"curies":[{"name":"wp","href":"https:\/\/api.w.org\/{rel}","templated":true}]}}