

{"id":94,"date":"2023-07-28T15:23:49","date_gmt":"2023-07-28T13:23:49","guid":{"rendered":"https:\/\/pracownieorange.pl\/bojadla\/?post_type=challange&#038;p=94"},"modified":"2023-07-28T15:23:49","modified_gmt":"2023-07-28T13:23:49","slug":"wakacyjna-pocztowka-z-pracowni-orange-w-bojadlach","status":"publish","type":"challange","link":"https:\/\/pracownieorange.pl\/bojadla\/challange\/wakacyjna-pocztowka-z-pracowni-orange-w-bojadlach\/","title":{"rendered":"Wakacyjna poczt\u00f3wka z Pracowni Orange w  Bojad\u0142ach"},"content":{"rendered":"<p>Pracownia Orange dzia\u0142aj\u0105ca przy Gminnym O\u015brodku Kultury w Bojad\u0142ach, przesy\u0142a pozdrowienia i serdecznie zaprasza do naszej pi\u0119knej miejscowo\u015bci jak\u0105 jest gmina\u00a0 Bojad\u0142a po\u0142o\u017cona\u00a0 w wojew\u00f3dztwie lubuskim, w powiecie zielonog\u00f3rskim. W naszej gminie mo\u017cemy si\u0119 pochwali\u0107 takimi zabytkami jak Barokowy zesp\u00f3\u0142 pa\u0142acowo-parkowy w centralnej cz\u0119\u015bci wsi, Ko\u015bci\u00f3\u0142 parafialny o szachulcowej konstrukcji wzniesiony w 1757-1758 roku, ciekawo\u015b\u0107 przyci\u0105gaj\u0105 r\u00f3wnie\u017c, wyst\u0119puj\u0105ce w tym rejonie, \u015br\u00f3dl\u0105dowe wydmy. Du\u017co mo\u017cna by\u0142oby pisa\u0107 ale jeszcze wi\u0119cej mo\u017cna zobaczy\u0107!- dlatego zapraszamy do naszej miejscowo\u015bci!<\/p>\n","protected":false},"featured_media":96,"template":"","class_list":["post-94","challange","type-challange","status-publish","has-post-thumbnail","hentry"],"acf":[],"yoast_head":"<!-- This site is optimized with the Yoast SEO plugin v24.5 - https:\/\/yoast.com\/wordpress\/plugins\/seo\/ -->\n<title>Wakacyjna poczt\u00f3wka z Pracowni Orange w Bojad\u0142ach - Pracownia Orange Bojad\u0142a<\/title>\n<meta name=\"robots\" content=\"index, follow, max-snippet:-1, max-image-preview:large, max-video-preview:-1\" \/>\n<link rel=\"canonical\" href=\"https:\/\/pracownieorange.pl\/bojadla\/challange\/wakacyjna-pocztowka-z-pracowni-orange-w-bojadlach\/\" \/>\n<meta property=\"og:locale\" content=\"pl_PL\" \/>\n<meta property=\"og:type\" content=\"article\" \/>\n<meta property=\"og:title\" content=\"Wakacyjna poczt\u00f3wka z Pracowni Orange w Bojad\u0142ach - Pracownia Orange Bojad\u0142a\" \/>\n<meta property=\"og:description\" content=\"Pracownia Orange dzia\u0142aj\u0105ca przy Gminnym O\u015brodku Kultury w Bojad\u0142ach, przesy\u0142a [&hellip;]\" \/>\n<meta property=\"og:url\" content=\"https:\/\/pracownieorange.pl\/bojadla\/challange\/wakacyjna-pocztowka-z-pracowni-orange-w-bojadlach\/\" \/>\n<meta property=\"og:site_name\" content=\"Pracownia Orange Bojad\u0142a\" \/>\n<meta property=\"og:image\" content=\"https:\/\/pracownieorange.pl\/app\/uploads\/sites\/18\/2023\/07\/Projekt-bez-tytulu.png\" \/>\n\t<meta property=\"og:image:width\" content=\"2000\" \/>\n\t<meta property=\"og:image:height\" content=\"2829\" \/>\n\t<meta property=\"og:image:type\" content=\"image\/png\" \/>\n<meta name=\"twitter:card\" content=\"summary_large_image\" \/>\n<meta name=\"twitter:label1\" content=\"Est. reading time\" \/>\n\t<meta name=\"twitter:data1\" content=\"1 minuta\" \/>\n<script type=\"application\/ld+json\" class=\"yoast-schema-graph\">{\"@context\":\"https:\/\/schema.org\",\"@graph\":[{\"@type\":\"WebPage\",\"@id\":\"https:\/\/pracownieorange.pl\/bojadla\/challange\/wakacyjna-pocztowka-z-pracowni-orange-w-bojadlach\/\",\"url\":\"https:\/\/pracownieorange.pl\/bojadla\/challange\/wakacyjna-pocztowka-z-pracowni-orange-w-bojadlach\/\",\"name\":\"Wakacyjna poczt\u00f3wka z Pracowni Orange w Bojad\u0142ach - Pracownia Orange Bojad\u0142a\",\"isPartOf\":{\"@id\":\"https:\/\/pracownieorange.pl\/bojadla\/#website\"},\"primaryImageOfPage\":{\"@id\":\"https:\/\/pracownieorange.pl\/bojadla\/challange\/wakacyjna-pocztowka-z-pracowni-orange-w-bojadlach\/#primaryimage\"},\"image\":{\"@id\":\"https:\/\/pracownieorange.pl\/bojadla\/challange\/wakacyjna-pocztowka-z-pracowni-orange-w-bojadlach\/#primaryimage\"},\"thumbnailUrl\":\"https:\/\/pracownieorange.pl\/app\/uploads\/sites\/18\/2023\/07\/Projekt-bez-tytulu.png\",\"datePublished\":\"2023-07-28T13:23:49+00:00\",\"breadcrumb\":{\"@id\":\"https:\/\/pracownieorange.pl\/bojadla\/challange\/wakacyjna-pocztowka-z-pracowni-orange-w-bojadlach\/#breadcrumb\"},\"inLanguage\":\"pl-PL\",\"potentialAction\":[{\"@type\":\"ReadAction\",\"target\":[\"https:\/\/pracownieorange.pl\/bojadla\/challange\/wakacyjna-pocztowka-z-pracowni-orange-w-bojadlach\/\"]}]},{\"@type\":\"ImageObject\",\"inLanguage\":\"pl-PL\",\"@id\":\"https:\/\/pracownieorange.pl\/bojadla\/challange\/wakacyjna-pocztowka-z-pracowni-orange-w-bojadlach\/#primaryimage\",\"url\":\"https:\/\/pracownieorange.pl\/app\/uploads\/sites\/18\/2023\/07\/Projekt-bez-tytulu.png\",\"contentUrl\":\"https:\/\/pracownieorange.pl\/app\/uploads\/sites\/18\/2023\/07\/Projekt-bez-tytulu.png\",\"width\":2000,\"height\":2829,\"caption\":\"Kolorowa grafika Pracowni Orange w Bojad\u0142ach.\"},{\"@type\":\"BreadcrumbList\",\"@id\":\"https:\/\/pracownieorange.pl\/bojadla\/challange\/wakacyjna-pocztowka-z-pracowni-orange-w-bojadlach\/#breadcrumb\",\"itemListElement\":[{\"@type\":\"ListItem\",\"position\":1,\"name\":\"Home\",\"item\":\"https:\/\/pracownieorange.pl\/bojadla\/\"},{\"@type\":\"ListItem\",\"position\":2,\"name\":\"Relacje\",\"item\":\"https:\/\/pracownieorange.pl\/bojadla\/challange\/\"},{\"@type\":\"ListItem\",\"position\":3,\"name\":\"Wakacyjna poczt\u00f3wka z Pracowni Orange w Bojad\u0142ach\"}]},{\"@type\":\"WebSite\",\"@id\":\"https:\/\/pracownieorange.pl\/bojadla\/#website\",\"url\":\"https:\/\/pracownieorange.pl\/bojadla\/\",\"name\":\"Pracownia Orange Bojad\u0142a\",\"description\":\"Kolejna witryna sieci \u201ePracownie Orange\u201d\",\"potentialAction\":[{\"@type\":\"SearchAction\",\"target\":{\"@type\":\"EntryPoint\",\"urlTemplate\":\"https:\/\/pracownieorange.pl\/bojadla\/?s={search_term_string}\"},\"query-input\":{\"@type\":\"PropertyValueSpecification\",\"valueRequired\":true,\"valueName\":\"search_term_string\"}}],\"inLanguage\":\"pl-PL\"}]}<\/script>\n<!-- \/ Yoast SEO plugin. -->","yoast_head_json":{"title":"Wakacyjna poczt\u00f3wka z Pracowni Orange w Bojad\u0142ach - Pracownia Orange Bojad\u0142a","robots":{"index":"index","follow":"follow","max-snippet":"max-snippet:-1","max-image-preview":"max-image-preview:large","max-video-preview":"max-video-preview:-1"},"canonical":"https:\/\/pracownieorange.pl\/bojadla\/challange\/wakacyjna-pocztowka-z-pracowni-orange-w-bojadlach\/","og_locale":"pl_PL","og_type":"article","og_title":"Wakacyjna poczt\u00f3wka z Pracowni Orange w Bojad\u0142ach - Pracownia Orange Bojad\u0142a","og_description":"Pracownia Orange dzia\u0142aj\u0105ca przy Gminnym O\u015brodku Kultury w Bojad\u0142ach, przesy\u0142a [&hellip;]","og_url":"https:\/\/pracownieorange.pl\/bojadla\/challange\/wakacyjna-pocztowka-z-pracowni-orange-w-bojadlach\/","og_site_name":"Pracownia Orange Bojad\u0142a","og_image":[{"width":2000,"height":2829,"url":"https:\/\/pracownieorange.pl\/app\/uploads\/sites\/18\/2023\/07\/Projekt-bez-tytulu.png","type":"image\/png"}],"twitter_card":"summary_large_image","twitter_misc":{"Est. reading time":"1 minuta"},"schema":{"@context":"https:\/\/schema.org","@graph":[{"@type":"WebPage","@id":"https:\/\/pracownieorange.pl\/bojadla\/challange\/wakacyjna-pocztowka-z-pracowni-orange-w-bojadlach\/","url":"https:\/\/pracownieorange.pl\/bojadla\/challange\/wakacyjna-pocztowka-z-pracowni-orange-w-bojadlach\/","name":"Wakacyjna poczt\u00f3wka z Pracowni Orange w Bojad\u0142ach - Pracownia Orange Bojad\u0142a","isPartOf":{"@id":"https:\/\/pracownieorange.pl\/bojadla\/#website"},"primaryImageOfPage":{"@id":"https:\/\/pracownieorange.pl\/bojadla\/challange\/wakacyjna-pocztowka-z-pracowni-orange-w-bojadlach\/#primaryimage"},"image":{"@id":"https:\/\/pracownieorange.pl\/bojadla\/challange\/wakacyjna-pocztowka-z-pracowni-orange-w-bojadlach\/#primaryimage"},"thumbnailUrl":"https:\/\/pracownieorange.pl\/app\/uploads\/sites\/18\/2023\/07\/Projekt-bez-tytulu.png","datePublished":"2023-07-28T13:23:49+00:00","breadcrumb":{"@id":"https:\/\/pracownieorange.pl\/bojadla\/challange\/wakacyjna-pocztowka-z-pracowni-orange-w-bojadlach\/#breadcrumb"},"inLanguage":"pl-PL","potentialAction":[{"@type":"ReadAction","target":["https:\/\/pracownieorange.pl\/bojadla\/challange\/wakacyjna-pocztowka-z-pracowni-orange-w-bojadlach\/"]}]},{"@type":"ImageObject","inLanguage":"pl-PL","@id":"https:\/\/pracownieorange.pl\/bojadla\/challange\/wakacyjna-pocztowka-z-pracowni-orange-w-bojadlach\/#primaryimage","url":"https:\/\/pracownieorange.pl\/app\/uploads\/sites\/18\/2023\/07\/Projekt-bez-tytulu.png","contentUrl":"https:\/\/pracownieorange.pl\/app\/uploads\/sites\/18\/2023\/07\/Projekt-bez-tytulu.png","width":2000,"height":2829,"caption":"Kolorowa grafika Pracowni Orange w Bojad\u0142ach."},{"@type":"BreadcrumbList","@id":"https:\/\/pracownieorange.pl\/bojadla\/challange\/wakacyjna-pocztowka-z-pracowni-orange-w-bojadlach\/#breadcrumb","itemListElement":[{"@type":"ListItem","position":1,"name":"Home","item":"https:\/\/pracownieorange.pl\/bojadla\/"},{"@type":"ListItem","position":2,"name":"Relacje","item":"https:\/\/pracownieorange.pl\/bojadla\/challange\/"},{"@type":"ListItem","position":3,"name":"Wakacyjna poczt\u00f3wka z Pracowni Orange w Bojad\u0142ach"}]},{"@type":"WebSite","@id":"https:\/\/pracownieorange.pl\/bojadla\/#website","url":"https:\/\/pracownieorange.pl\/bojadla\/","name":"Pracownia Orange Bojad\u0142a","description":"Kolejna witryna sieci \u201ePracownie Orange\u201d","potentialAction":[{"@type":"SearchAction","target":{"@type":"EntryPoint","urlTemplate":"https:\/\/pracownieorange.pl\/bojadla\/?s={search_term_string}"},"query-input":{"@type":"PropertyValueSpecification","valueRequired":true,"valueName":"search_term_string"}}],"inLanguage":"pl-PL"}]}},"_links":{"self":[{"href":"https:\/\/pracownieorange.pl\/bojadla\/wp-json\/wp\/v2\/challange\/94","targetHints":{"allow":["GET"]}}],"collection":[{"href":"https:\/\/pracownieorange.pl\/bojadla\/wp-json\/wp\/v2\/challange"}],"about":[{"href":"https:\/\/pracownieorange.pl\/bojadla\/wp-json\/wp\/v2\/types\/challange"}],"wp:featuredmedia":[{"embeddable":true,"href":"https:\/\/pracownieorange.pl\/bojadla\/wp-json\/wp\/v2\/media\/96"}],"wp:attachment":[{"href":"https:\/\/pracownieorange.pl\/bojadla\/wp-json\/wp\/v2\/media?parent=94"}],"curies":[{"name":"wp","href":"https:\/\/api.w.org\/{rel}","templated":true}]}}